{"id":680,"date":"2022-02-26T09:07:45","date_gmt":"2022-02-26T09:07:45","guid":{"rendered":"https:\/\/hevesmemorial.hu\/?page_id=680"},"modified":"2022-05-28T17:11:06","modified_gmt":"2022-05-28T17:11:06","slug":"heves-megye","status":"publish","type":"page","link":"https:\/\/hevesmemorial.hu\/?page_id=680","title":{"rendered":"Heves megye"},"content":{"rendered":"<div data-colibri-id=\"680-c1\" class=\"style-736 style-local-680-c1 position-relative\">\n  <!---->\n  <div data-colibri-component=\"section\" data-colibri-id=\"680-c10\" id=\"blank-2\" class=\"h-section h-section-global-spacing d-flex align-items-lg-center align-items-md-center align-items-center style-737 style-local-680-c10 position-relative\">\n    <!---->\n    <!---->\n    <div class=\"h-section-grid-container h-section-boxed-container\">\n      <!---->\n      <div data-colibri-id=\"680-c11\" class=\"h-row-container gutters-row-lg-2 gutters-row-md-2 gutters-row-0 gutters-row-v-lg-2 gutters-row-v-md-2 gutters-row-v-2 style-1525 style-local-680-c11 position-relative\">\n        <!---->\n        <div class=\"h-row justify-content-lg-center justify-content-md-center justify-content-center align-items-lg-stretch align-items-md-stretch align-items-stretch gutters-col-lg-2 gutters-col-md-2 gutters-col-0 gutters-col-v-lg-2 gutters-col-v-md-2 gutters-col-v-2\">\n          <!---->\n          <div class=\"h-column h-column-container d-flex h-col-lg-auto h-col-md-auto h-col-auto style-1526-outer style-local-680-c12-outer\">\n            <div data-colibri-id=\"680-c12\" class=\"d-flex h-flex-basis h-column__inner h-px-lg-2 h-px-md-2 h-px-2 v-inner-lg-2 v-inner-md-2 v-inner-2 style-1526 style-local-680-c12 position-relative\">\n              <!---->\n              <!---->\n              <div class=\"w-100 h-y-container h-column__content h-column__v-align flex-basis-100 align-self-lg-start align-self-md-start align-self-start\">\n                <!---->\n                <div data-colibri-id=\"680-c13\" class=\"h-global-transition-all h-heading style-1527 style-local-680-c13 position-relative h-element\">\n                  <!---->\n                  <div class=\"h-heading__outer style-1527 style-local-680-c13\">\n                    <!---->\n                    <!---->\n                    <h4 class=\"\"><strong style=\"font-size: 101%; font-family: &quot;Playfair Display&quot;; font-weight: 700;\">Heves megye<\/strong><\/h4>\n                  <\/div>\n                <\/div>\n              <\/div>\n            <\/div>\n          <\/div>\n        <\/div>\n      <\/div>\n      <div data-colibri-id=\"680-c14\" class=\"h-row-container gutters-row-lg-2 gutters-row-md-2 gutters-row-0 gutters-row-v-lg-2 gutters-row-v-md-2 gutters-row-v-2 style-738 style-local-680-c14 position-relative\">\n        <!---->\n        <div class=\"h-row justify-content-lg-center justify-content-md-center justify-content-center align-items-lg-stretch align-items-md-stretch align-items-stretch gutters-col-lg-2 gutters-col-md-2 gutters-col-0 gutters-col-v-lg-2 gutters-col-v-md-2 gutters-col-v-2\">\n          <!---->\n          <div class=\"h-column h-column-container d-flex h-col-lg-auto h-col-md-auto h-col-auto style-739-outer style-local-680-c15-outer\">\n            <div data-colibri-id=\"680-c15\" class=\"d-flex h-flex-basis h-column__inner h-px-lg-2 h-px-md-2 h-px-2 v-inner-lg-2 v-inner-md-2 v-inner-2 style-739 style-local-680-c15 position-relative\">\n              <!---->\n              <!---->\n              <div class=\"w-100 h-y-container h-column__content h-column__v-align flex-basis-100 align-self-lg-start align-self-md-start align-self-start\">\n                <!---->\n                <div data-colibri-id=\"680-c16\" class=\"d-block style-1524 style-local-680-c16 position-relative h-element\">\n                  <!---->\n                  <div class=\"h-image__frame-container-outer\">\n                    <div class=\"h-image__frame-container\">\n                      <!---->\n                      <!---->\n                      <img loading=\"lazy\" decoding=\"async\" width=\"400\" height=\"260\" src=\"http:\/\/hevesmemorial.hu\/wp-content\/uploads\/2022\/02\/hevesmegye.jpg\" class=\"wp-image-738 style-1524-image style-local-680-c16-image\" alt=\"\" srcset=\"https:\/\/hevesmemorial.hu\/wp-content\/uploads\/2022\/02\/hevesmegye.jpg 400w, https:\/\/hevesmemorial.hu\/wp-content\/uploads\/2022\/02\/hevesmegye-300x195.jpg 300w\" sizes=\"auto, (max-width: 400px) 100vw, 400px\" \/>\n                      <div class=\"h-image__frame h-hide-lg h-hide-md h-hide-sm style-1524-frameImage style-local-680-c16-frameImage\"><\/div>\n                    <\/div>\n                  <\/div>\n                <\/div>\n                <div data-colibri-id=\"680-c17\" class=\"h-text h-text-component style-1529 style-local-680-c17 position-relative h-element\">\n                  <!---->\n                  <!---->\n                  <div class=\"\">\n                    <p><em style=\"font-family: &quot;Playfair Display&quot;; font-size: 101%;\">Heves megye a m\u00falt sz\u00e1zad elej\u00e9n&nbsp;<\/em><strong style=\"font-family: &quot;Playfair Display&quot;; font-size: 101%; font-weight: 400; color: rgb(0, 0, 1);\">[1]<\/strong><\/p>\n                  <\/div>\n                <\/div>\n              <\/div>\n            <\/div>\n          <\/div>\n        <\/div>\n      <\/div>\n      <div data-colibri-id=\"680-c18\" class=\"h-row-container gutters-row-lg-2 gutters-row-md-2 gutters-row-0 gutters-row-v-lg-2 gutters-row-v-md-2 gutters-row-v-2 style-748 style-local-680-c18 position-relative\">\n        <!---->\n        <div class=\"h-row justify-content-lg-center justify-content-md-center justify-content-center align-items-lg-stretch align-items-md-stretch align-items-stretch gutters-col-lg-2 gutters-col-md-2 gutters-col-0 gutters-col-v-lg-2 gutters-col-v-md-2 gutters-col-v-2\">\n          <!---->\n          <div class=\"h-column h-column-container d-flex h-col-lg-auto h-col-md-auto h-col-auto style-749-outer style-local-680-c19-outer\">\n            <div data-colibri-id=\"680-c19\" class=\"d-flex h-flex-basis h-column__inner h-px-lg-2 h-px-md-2 h-px-2 v-inner-lg-2 v-inner-md-2 v-inner-2 style-749 style-local-680-c19 position-relative\">\n              <!---->\n              <!---->\n              <div class=\"w-100 h-y-container h-column__content h-column__v-align flex-basis-100 align-self-lg-start align-self-md-start align-self-start\">\n                <!---->\n                <div data-colibri-id=\"680-c20\" class=\"h-row-container gutters-row-lg-2 gutters-row-md-2 gutters-row-0 gutters-row-v-lg-2 gutters-row-v-md-2 gutters-row-v-2 style-1566 style-local-680-c20 position-relative\">\n                  <!---->\n                  <div class=\"h-row justify-content-lg-center justify-content-md-center justify-content-center align-items-lg-stretch align-items-md-stretch align-items-stretch gutters-col-lg-2 gutters-col-md-2 gutters-col-0 gutters-col-v-lg-2 gutters-col-v-md-2 gutters-col-v-2\">\n                    <!---->\n                    <div class=\"h-column h-column-container d-flex h-col-lg-6 h-col-md-6 h-col-12 style-1567-outer style-local-680-c21-outer\">\n                      <div data-colibri-id=\"680-c21\" class=\"d-flex h-flex-basis h-column__inner h-px-lg-2 h-px-md-2 h-px-2 v-inner-lg-2 v-inner-md-2 v-inner-2 style-1567 style-local-680-c21 position-relative\">\n                        <!---->\n                        <!---->\n                        <div class=\"w-100 h-y-container h-column__content h-column__v-align flex-basis-100 align-self-lg-start align-self-md-start align-self-start\">\n                          <!---->\n                          <div data-colibri-id=\"680-c22\" class=\"h-text h-text-component style-1569 style-local-680-c22 justified position-relative h-element\">\n                            <!---->\n                            <!---->\n                            <div class=\"\">\n                              <p><span style=\"color: rgb(0, 0, 0); font-family: &quot;Playfair Display&quot;; font-size: 101%; font-weight: 400;\">A honfoglal\u00e1s idej\u00e9n keletkezett, el\u0151sz\u00f6r Pata-Heves-\u00dajv\u00e1rnak nevezett megy\u00e9t a t\u00f6r\u00f6k h\u00f3dolts\u00e1g idej\u00e9n olvasztott\u00e1k \u00f6ssze K\u00fcls\u0151-Szolnok v\u00e1rmegy\u00e9vel, illetve Szolnok megy\u00e9nek azzal a r\u00e9sz\u00e9vel, amely sem a Nagykuns\u00e1ghoz, sem a J\u00e1szs\u00e1ghoz sem tartozott. E k\u00e9t ut\u00f3bbi ter\u00fclet k\u00fcl\u00f6n \u00f6nkorm\u00e1nyzattal rendelkezett, nem \u00e1llott megyei fennhat\u00f3s\u00e1g alatt eg\u00e9szen 1876-ig, amikor megsz\u00fcntett\u00e9k \u00f6n\u00e1ll\u00f3 jog\u00e1ll\u00e1sukat, egy\u00fattal k\u00fcl\u00f6n v\u00e1lasztva a k\u00e9t megy\u00e9t. A mai ter\u00fcleten k\u00edv\u00fcl a Tisz\u00e1nt\u00falr\u00f3l Heves megy\u00e9hez tartozott 1950-ig P\u00e1szt\u00f3 \u00e9s a Tiszaf\u00fcredi j\u00e1r\u00e1s hat telep\u00fcl\u00e9se.&nbsp;&nbsp;Eger a 18 &#8211; 19. sz\u00e1zadban a Pestr\u0151l Miskolc fel\u00e9 vezet\u0151 kereskedelmi \u00fat egyik fontos \u00e1llom\u00e1sa volt, tiszta k\u00f6rzet\u00e9ben 25.000, megosztott k\u00f6rzet\u00e9ben 176.000 lakos \u00e9lt. Ennek ellen\u00e9re, ak\u00e1rcsak Gy\u00f6ngy\u00f6snek, ink\u00e1bb region\u00e1lis, megyei jelent\u0151s\u00e9ge volt. A v\u00e1rosnak nem siker\u00fclt szabad kir\u00e1lyi v\u00e1rosi c\u00edmet szereznie, 1695-ben az Fenessy Gy\u00f6rgy egri p\u00fcsp\u00f6k, a v\u00e1ros f\u00f6ldesura a k\u00e9s\u0151bb a nev\u00e9r\u0151l Fenessy egyezm\u00e9nynek nevezett szerz\u0151d\u00e9ssel Egert a kor\u00e1bbin\u00e1l f\u00f6ldes\u00fari v\u00e1rosk\u00e9nt j\u00f3val kedvez\u0151tlenebb jogi helyzetbe hozta. Ebben az egyezm\u00e9nyben azt is kik\u00f6t\u00f6tte, hogy a v\u00e1rosban csak katolikus vall\u00e1s\u00faak lakhatnak. Ebb\u0151l ad\u00f3d\u00f3an a t\u00f6r\u00f6k\u00f6k ki\u0171z\u00e9se ut\u00e1n ott \u00e9l\u0151 reform\u00e1tus vall\u00e1s\u00fa hajd\u00fak nagyr\u00e9szt elhagyt\u00e1k a telep\u00fcl\u00e9st, az \u00fan. g\u00f6r\u00f6g\u00f6k (eredetileg szerbek, maked\u00f3nok, stb.) szint\u00e9n vagy elk\u00f6lt\u00f6ztek vagy \u00e1tt\u00e9rtek a g\u00f6r\u00f6g katolikus vall\u00e1sra, illetve a k\u00e9s\u0151bb betelep\u00fcl\u0151k t\u00f6bb \u00e9vtizedes harc \u00e1r\u00e1n el\u00e9rt\u00e9k, hogy a v\u00e1rosban vall\u00e1suk elfogadott legyen. A 18. sz\u00e1zadban szinte eg\u00e9sz Eur\u00f3p\u00e1b\u00f3l \u00e9rkeztek Egerbe iparosok \u00e9s keresked\u0151k szerencs\u00e9t pr\u00f3b\u00e1lni, azonban jelent\u0151s r\u00e9sz\u00fck tov\u00e1bb k\u00f6lt\u00f6z\u00f6tt. A v\u00e1ros lakoss\u00e1g\u00e1nak mintegy fele lehetett magyar sz\u00e1rmaz\u00e1s\u00fa. Az eg\u00e9sz korszakban nem k\u00f6nny\u0171 nev\u00fck alapj\u00e1n megk\u00fcl\u00f6nb\u00f6ztetni a zsid\u00f3 \u00e9s a n\u00e9met sz\u00e1rmaz\u00e1s\u00fa lakosokat. Eger&nbsp;\u00e9s Gy\u00f6ngy\u00f6s fontos&nbsp;kereskedelmi k\u00f6zpont volt az 1870-es \u00e9vekig. Az \u00fajonnan ki\u00e9p\u00edtett Pest-Miskolc vas\u00fatvonal elker\u00fclte mindk\u00e9t v\u00e1rost, ez mindk\u00e9t v\u00e1ros gazdas\u00e1g\u00e1ra nagyon el\u0151nytelen hat\u00e1ssal volt, igaz\u00e1n komoly ipar nem tudott ki\u00e9p\u00fclni. A sz\u00e1rnyvonalak hamarosan meg\u00e9p\u00fcltek, de nem tudt\u00e1k a f\u0151vonalat p\u00f3tolni. Eger v\u00e1ros lakoss\u00e1ga hossz\u00fa harcot folytatott a szabad kir\u00e1lyi v\u00e1rosi rang\u00e9rt az egri p\u00fcsp\u00f6kkel, majd \u00e9rsekkel, de a v\u00e9gleges felszabadul\u00e1s a f\u00f6ldes\u00fari f\u00fcgg\u00e9s al\u00f3l csak 1854-ben k\u00f6vetkezett be, rendezett tan\u00e1cs\u00fa v\u00e1ross\u00e1 az 1886. \u00e9vi XXII. tc. alapj\u00e1n v\u00e1lt. Ez is hozz\u00e1j\u00e1rult ahhoz, hogy am\u00edg 1780-ban a 16.000 lakos\u00fa v\u00e1ros a 8. legnagyobb volt Magyarorsz\u00e1gon, addig az 1869-es n\u00e9psz\u00e1ml\u00e1l\u00e1s adatai szerint 19.150 lakos\u00e1val m\u00e1r csak a 20. helyet foglalta el.&nbsp;<\/span><\/p>\n                            <\/div>\n                          <\/div>\n                        <\/div>\n                      <\/div>\n                    <\/div>\n                    <div class=\"h-column h-column-container d-flex h-col-lg-6 h-col-md-6 h-col-12 style-1568-outer style-local-680-c23-outer\">\n                      <div data-colibri-id=\"680-c23\" class=\"d-flex h-flex-basis h-column__inner h-px-lg-2 h-px-md-2 h-px-2 v-inner-lg-2 v-inner-md-2 v-inner-2 style-1568 style-local-680-c23 position-relative\">\n                        <!---->\n                        <!---->\n                        <div class=\"w-100 h-y-container h-column__content h-column__v-align flex-basis-100 align-self-lg-start align-self-md-start align-self-start\">\n                          <!---->\n                          <div data-colibri-id=\"680-c24\" class=\"h-text h-text-component style-1570 style-local-680-c24 justified position-relative h-element\">\n                            <!---->\n                            <!---->\n                            <div class=\"\">\n                              <p><span style=\"font-family: &quot;Playfair Display&quot;; font-size: 101%; color: rgb(0, 1, 4);\">&nbsp;<\/span><span style=\"font-family: &quot;Playfair Display&quot;; font-size: 18.18px; color: rgb(0, 0, 0); font-weight: 400;\">A v\u00e1ros \u00e9let\u00e9t, jelleg\u00e9t els\u0151sorban k\u00f6zigazgat\u00e1si, megyek\u00f6zpont jellege, \u00e9s iskolav\u00e1rosi volta hat\u00e1rozta meg,&nbsp;a sz\u00e1zadfordul\u00f3ra csendes, nyugodt l\u00e9gk\u00f6r\u0171, klerik\u00e1lis kisv\u00e1ross\u00e1 v\u00e1lt,&nbsp;1930-ban a v\u00e1rosban&nbsp;4.139 k\u00f6zalkalmazott \u00e9lt.<\/span>\n                                <a\n                                  href=\"https:\/\/hevesmemorial.hu\/heves-megye\/#_ftn3\" style=\"font-family: &quot;Times New Roman&quot;, serif; font-size: 18.18px; color: rgb(0, 0, 0); font-weight: 400;\">[3]<\/a><span style=\"font-family: &quot;Playfair Display&quot;; font-size: 101%; color: rgb(0, 1, 4);\">&nbsp;<br>&nbsp;&nbsp;Ak\u00e1rcsak a megye, \u00fagy mindk\u00e9t v\u00e1ros gazdas\u00e1ga egyar\u00e1nt a mez\u0151gazdas\u00e1gra \u00e9p\u00fclt. A gy\u00f6ngy\u00f6si \u00e9s az egri borvid\u00e9k szerepe alapvet\u0151 volt a megy\u00e9ben. A 19. sz\u00e1zad m\u00e1sodik fel\u00e9ben sz\u00e1mtalan term\u00e9szeti katasztr\u00f3fa s\u00fajtotta a lakoss\u00e1got, a mez\u0151gazdas\u00e1gra \u00e9s a megye \u00e9let\u00e9re a legink\u00e1bb negat\u00edv hat\u00e1st a sz\u00e1zadv\u00e9gen a filox\u00e9ra tette, amely a vir\u00e1gz\u00f3 sz\u0151l\u0151\u00fcltetv\u00e9nyeket \u00e9s ezzel a nagysz\u00e1mban ebb\u0151l \u00e9l\u0151 lakoss\u00e1got is t\u00f6nkretette. Az 1890-es \u00e9vekben indult meg amerikai alanyokkal az \u00fajratelep\u00edt\u00e9s. 1895-ben 5166, 1930-ban m\u00e1r 24.822 kat. holdon termeltek sz\u0151l\u0151t a megy\u00e9ben. A kiegyez\u00e9s ut\u00e1ni \u201egr\u00fcndol\u00e1si l\u00e1z\u201d az 1880-as, 90-es \u00e9vekre \u00e9rte el a megy\u00e9t, hitelint\u00e9zetei, nagyobb iparv\u00e1llalatai is ebben az id\u0151szakban alakultak, ekkor alakultak ki a polg\u00e1rosod\u00e1s alapvet\u0151 gazdas\u00e1gi, t\u00e1rsadalmi felt\u00e9telei. Az els\u0151 vil\u00e1gh\u00e1bor\u00fa jelentette az \u00fajabb katasztr\u00f3f\u00e1t a megye gazdas\u00e1ga sz\u00e1m\u00e1ra, a trianoni b\u00e9keszerz\u0151d\u00e9s k\u00f6vetkezt\u00e9ben a mez\u0151gazdas\u00e1g \u00e9s az erre \u00e9p\u00fcl\u0151 \u00e9lelmiszeripar nagy\u00fczemei elvesztett\u00e9k piacuk nagy r\u00e9sz\u00e9t. A konszolid\u00e1ci\u00f3 \u00e9s a kisebb m\u00e9rt\u00e9kben megindul\u00f3 gazdas\u00e1gi fejl\u0151d\u00e9st ut\u00e1n a nagy gazdas\u00e1gi v\u00e1ls\u00e1g ism\u00e9t visszavetette a megye fejl\u0151d\u00e9s\u00e9t. Heves megye lakoss\u00e1ga vall\u00e1si szempontb\u00f3l d\u00f6nt\u0151en katolikus volt. A t\u00f6bb megy\u00e9re, illetve orsz\u00e1gr\u00e9sznyi ter\u00fcletre kiterjed\u0151 egri p\u00fcsp\u00f6ks\u00e9g, majd \u00e9rseki egyh\u00e1zmegye dominanci\u00e1ja az er\u0151sen katolikus szeml\u00e9let\u0171 nagyobb v\u00e1rosok polg\u00e1rs\u00e1ga, az egri \u00e9rsek \u00e9s a paps\u00e1g hozz\u00e1\u00e1ll\u00e1sa nagym\u00e9rt\u00e9kben megszabta nemcsak a zsid\u00f3s\u00e1g beteleped\u00e9si, majd beilleszked\u00e9si lehet\u0151s\u00e9geit, hanem az egy\u00e9b vall\u00e1s\u00fa, pl. g\u00f6r\u00f6gkeleti, vagy reform\u00e1tus lakoss\u00e1g \u00e9letlehet\u0151s\u00e9geit is. A reform\u00e1tus vall\u00e1s\u00fa lakoss\u00e1g els\u0151sorban a Tisz\u00e1nt\u00falon elter\u00fcl\u0151 telep\u00fcl\u00e9seken \u00e9lt.&nbsp;&nbsp;Az 1900-as n\u00e9psz\u00e1ml\u00e1l\u00e1s szerint 235.645 f\u0151 \u00e9lt a megy\u00e9ben, a katolikus vall\u00e1s\u00fa lakoss\u00e1g 88,2 %,&nbsp;<\/span>\n                                  <em\n                                    style=\"font-family: &quot;Playfair Display&quot;; font-size: 101%; color: rgb(0, 1, 4);\">&nbsp;\u201e&#8230;az izraelit\u00e1k sz\u00e1mar\u00e1nya az orsz\u00e1gos \u00e1tlaggal egyez\u0151<\/em><span style=\"font-family: &quot;Playfair Display&quot;; font-size: 101%; color: rgb(0, 1, 4);\">.<\/span><em style=\"font-family: &quot;Playfair Display&quot;; font-size: 101%; color: rgb(0, 1, 4);\">&#8220;<\/em>\n                                    <span\n                                      style=\"font-family: &quot;Playfair Display&quot;; font-size: 101%; color: rgb(0, 1, 4);\">&nbsp;<\/span>\n                                      <a href=\"https:\/\/hevesmemorial.hu\/heves-megye\/#_ftn4\" style=\"font-family: &quot;Playfair Display&quot;; font-size: 101%; color: rgb(0, 1, 4); font-weight: 400;\">[4]<\/a>\n                              <\/p>\n                              <p><span style=\"color: rgb(0, 0, 0); font-family: &quot;Playfair Display&quot;; font-size: 101%;\">1. t\u00e1bl\u00e1zat Heves megye lakoss\u00e1g\u00e1nak vall\u00e1si megoszl\u00e1sa \u00e9s ar\u00e1nysz\u00e1ma 1900-ben&nbsp;<\/span><strong style=\"color: rgb(0, 0, 0); font-family: &quot;Playfair Display&quot;; font-size: 101%; font-weight: 400;\">[5]<\/strong><\/p>\n                            <\/div>\n                          <\/div>\n                          <div data-colibri-id=\"680-c25\" class=\"d-block style-1571 style-local-680-c25 position-relative h-element\">\n                            <!---->\n                            <div class=\"h-image__frame-container-outer\">\n                              <div class=\"h-image__frame-container\">\n                                <!---->\n                                <!---->\n                                <img loading=\"lazy\" decoding=\"async\" width=\"662\" height=\"281\" src=\"http:\/\/hevesmemorial.hu\/wp-content\/uploads\/2022\/02\/cropped-1.2-tablazat.png\" class=\"wp-image-740 style-1571-image style-local-680-c25-image\" alt=\"\" srcset=\"https:\/\/hevesmemorial.hu\/wp-content\/uploads\/2022\/02\/cropped-1.2-tablazat.png 662w, https:\/\/hevesmemorial.hu\/wp-content\/uploads\/2022\/02\/cropped-1.2-tablazat-300x127.png 300w\" sizes=\"auto, (max-width: 662px) 100vw, 662px\" \/>\n                                <div class=\"h-image__frame h-hide-lg h-hide-md h-hide-sm style-1571-frameImage style-local-680-c25-frameImage\"><\/div>\n                              <\/div>\n                            <\/div>\n                          <\/div>\n                          <div data-colibri-id=\"680-c26\" class=\"h-text h-text-component style-1572 style-local-680-c26 justified position-relative h-element\">\n                            <!---->\n                            <!---->\n                            <div class=\"\">\n                              <p>\n                                <a href=\"https:\/\/hevesmemorial.hu\/heves-megye\/#_ftnref1\" style=\"font-family: &quot;Times New Roman&quot;, serif; font-weight: 400; font-size: 10pt; color: rgb(0, 0, 0);\">[1]<\/a><span style=\"color: rgb(0, 0, 0);\">&nbsp;A k\u00e9peslap az egri Br\u00f3dy S\u00e1ndor Megyei \u00e9s V\u00e1rosi K\u00f6nyvt\u00e1r gy\u0171jtem\u00e9ny\u00e9b\u0151l, enged\u00e9ly\u00fckkel szerepel.<\/span>\n                                <a href=\"https:\/\/hevesmemorial.hu\/heves-megye\/#_ftnref2\" style=\"font-family: &quot;Times New Roman&quot;, serif; font-weight: 400; font-size: 10pt; color: rgb(0, 0, 0);\">\n                                  <br>[2]<\/a><span style=\"color: rgb(0, 0, 0);\">&nbsp;B\u00e1cskai Vera &#8211; Nagy Lajos, 1984.&nbsp;60,&nbsp;75, 84, 85, 139 l.<\/span>\n                                <a href=\"https:\/\/hevesmemorial.hu\/heves-megye\/#_ftnref3\" style=\"font-family: &quot;Times New Roman&quot;, serif; font-weight: 400; font-size: 10pt; color: rgb(0, 0, 0);\">\n                                  <br>[3]<\/a><span style=\"color: rgb(0, 0, 0);\">&nbsp;Nagy J\u00f3zsef. 1978. 285-290, 345&nbsp;l.<\/span>\n                                <a href=\"https:\/\/hevesmemorial.hu\/heves-megye\/#_ftnref4\" style=\"font-family: &quot;Times New Roman&quot;, serif; font-weight: 400; font-size: 10pt; color: rgb(0, 0, 0);\">\n                                  <br>[4]<\/a><span style=\"color: rgb(0, 0, 0);\">&nbsp;Kem\u00e9ny Gy\u00f6rgy: 1906. 9 l.<\/span>\n                                <a href=\"https:\/\/hevesmemorial.hu\/heves-megye\/#_ftnref5\" style=\"font-family: &quot;Times New Roman&quot;, serif; font-weight: 400; font-size: 10pt; color: rgb(0, 0, 0);\">\n                                  <br>[5]<\/a><span style=\"color: rgb(0, 0, 0);\">&nbsp;Kem\u00e9ny Gy\u00f6rgy: 1906. 9 l.<\/span><\/p>\n                            <\/div>\n                          <\/div>\n                        <\/div>\n                      <\/div>\n                    <\/div>\n                  <\/div>\n                <\/div>\n              <\/div>\n            <\/div>\n          <\/div>\n        <\/div>\n      <\/div>\n    <\/div>\n  <\/div>\n<\/div>","protected":false},"excerpt":{"rendered":"<p>Heves megye Heves megye a m\u00falt sz\u00e1zad elej\u00e9n&nbsp;[1] A honfoglal\u00e1s idej\u00e9n keletkezett, el\u0151sz\u00f6r Pata-Heves-\u00dajv\u00e1rnak nevezett megy\u00e9t a t\u00f6r\u00f6k h\u00f3dolts\u00e1g idej\u00e9n olvasztott\u00e1k \u00f6ssze K\u00fcls\u0151-Szolnok v\u00e1rmegy\u00e9vel, illetve Szolnok megy\u00e9nek azzal a r\u00e9sz\u00e9vel, amely sem a Nagykuns\u00e1ghoz, sem a J\u00e1szs\u00e1ghoz sem tartozott. E k\u00e9t ut\u00f3bbi ter\u00fclet k\u00fcl\u00f6n \u00f6nkorm\u00e1nyzattal rendelkezett, nem \u00e1llott megyei fennhat\u00f3s\u00e1g alatt eg\u00e9szen 1876-ig, amikor megsz\u00fcntett\u00e9k [&hellip;]<\/p>\n","protected":false},"author":1,"featured_media":0,"parent":0,"menu_order":0,"comment_status":"closed","ping_status":"closed","template":"page-templates\/full-width-page.php","meta":{"footnotes":""},"class_list":["post-680","page","type-page","status-publish","hentry"],"_links":{"self":[{"href":"https:\/\/hevesmemorial.hu\/index.php?rest_route=\/wp\/v2\/pages\/680","targetHints":{"allow":["GET"]}}],"collection":[{"href":"https:\/\/hevesmemorial.hu\/index.php?rest_route=\/wp\/v2\/pages"}],"about":[{"href":"https:\/\/hevesmemorial.hu\/index.php?rest_route=\/wp\/v2\/types\/page"}],"author":[{"embeddable":true,"href":"https:\/\/hevesmemorial.hu\/index.php?rest_route=\/wp\/v2\/users\/1"}],"replies":[{"embeddable":true,"href":"https:\/\/hevesmemorial.hu\/index.php?rest_route=%2Fwp%2Fv2%2Fcomments&post=680"}],"version-history":[{"count":15,"href":"https:\/\/hevesmemorial.hu\/index.php?rest_route=\/wp\/v2\/pages\/680\/revisions"}],"predecessor-version":[{"id":2401,"href":"https:\/\/hevesmemorial.hu\/index.php?rest_route=\/wp\/v2\/pages\/680\/revisions\/2401"}],"wp:attachment":[{"href":"https:\/\/hevesmemorial.hu\/index.php?rest_route=%2Fwp%2Fv2%2Fmedia&parent=680"}],"curies":[{"name":"wp","href":"https:\/\/api.w.org\/{rel}","templated":true}]}}