{"id":681,"date":"2022-02-26T09:07:45","date_gmt":"2022-02-26T09:07:45","guid":{"rendered":"https:\/\/hevesmemorial.hu\/?page_id=681"},"modified":"2022-05-28T17:12:56","modified_gmt":"2022-05-28T17:12:56","slug":"a-heves-megyei-zsidosag-letszamanak-alakulasa","status":"publish","type":"page","link":"https:\/\/hevesmemorial.hu\/?page_id=681","title":{"rendered":"A heves megyei zsid\u00f3s\u00e1g l\u00e9tsz\u00e1m\u00e1nak alakul\u00e1sa"},"content":{"rendered":"<div data-colibri-id=\"681-c1\" class=\"style-756 style-local-681-c1 position-relative\">\n  <!---->\n  <div data-colibri-component=\"section\" data-colibri-id=\"681-c2\" id=\"custom\" class=\"h-section h-section-global-spacing d-flex align-items-lg-center align-items-md-center align-items-center style-757 style-local-681-c2 position-relative\">\n    <!---->\n    <!---->\n    <div class=\"h-section-grid-container h-section-boxed-container\">\n      <!---->\n      <div data-colibri-id=\"681-c5\" class=\"h-row-container gutters-row-lg-2 gutters-row-md-2 gutters-row-0 gutters-row-v-lg-2 gutters-row-v-md-2 gutters-row-v-2 style-1490 style-local-681-c5 position-relative\">\n        <!---->\n        <div class=\"h-row justify-content-lg-center justify-content-md-center justify-content-center align-items-lg-stretch align-items-md-stretch align-items-stretch gutters-col-lg-2 gutters-col-md-2 gutters-col-0 gutters-col-v-lg-2 gutters-col-v-md-2 gutters-col-v-2\">\n          <!---->\n          <div class=\"h-column h-column-container d-flex h-col-lg-auto h-col-md-auto h-col-auto style-1491-outer style-local-681-c6-outer\">\n            <div data-colibri-id=\"681-c6\" class=\"d-flex h-flex-basis h-column__inner h-px-lg-2 h-px-md-2 h-px-2 v-inner-lg-2 v-inner-md-2 v-inner-2 style-1491 style-local-681-c6 position-relative\">\n              <!---->\n              <!---->\n              <div class=\"w-100 h-y-container h-column__content h-column__v-align flex-basis-100 align-self-lg-start align-self-md-start align-self-start\">\n                <!---->\n                <div data-colibri-id=\"681-c7\" class=\"h-global-transition-all h-heading style-1492 style-local-681-c7 position-relative h-element\">\n                  <!---->\n                  <div class=\"h-heading__outer style-1492 style-local-681-c7\">\n                    <!---->\n                    <!---->\n                    <h1 class=\"\">A Heves megyei zsid\u00f3s\u00e1g l\u00e9tsz\u00e1m\u00e1nak alakul\u00e1sa<\/h1>\n                  <\/div>\n                <\/div>\n              <\/div>\n            <\/div>\n          <\/div>\n        <\/div>\n      <\/div>\n      <div data-colibri-id=\"681-c8\" class=\"h-row-container gutters-row-lg-2 gutters-row-md-2 gutters-row-0 gutters-row-v-lg-2 gutters-row-v-md-2 gutters-row-v-2 style-760 style-local-681-c8 position-relative\">\n        <!---->\n        <div class=\"h-row justify-content-lg-center justify-content-md-center justify-content-center align-items-lg-stretch align-items-md-stretch align-items-stretch gutters-col-lg-2 gutters-col-md-2 gutters-col-0 gutters-col-v-lg-2 gutters-col-v-md-2 gutters-col-v-2\">\n          <!---->\n          <div class=\"h-column h-column-container d-flex h-col-lg-auto h-col-md-auto h-col-auto style-761-outer style-local-681-c9-outer\">\n            <div data-colibri-id=\"681-c9\" class=\"d-flex h-flex-basis h-column__inner h-px-lg-2 h-px-md-2 h-px-2 v-inner-lg-2 v-inner-md-2 v-inner-2 style-761 style-local-681-c9 position-relative\">\n              <!---->\n              <!---->\n              <div class=\"w-100 h-y-container h-column__content h-column__v-align flex-basis-100 align-self-lg-start align-self-md-start align-self-start\">\n                <!---->\n                <div data-colibri-id=\"681-c10\" class=\"h-text h-text-component style-762 style-local-681-c10 justified position-relative h-element\">\n                  <!---->\n                  <!---->\n                  <div class=\"\">\n                    <p>A k\u00f6z\u00e9pkort\u00f3l kezdve vannak sz\u00f3rv\u00e1ny adataink a zsid\u00f3k jelenl\u00e9t\u00e9r\u0151l Heves megy\u00e9ben. A zsid\u00f3s\u00e1g beteleped\u00e9se a t\u00e9rs\u00e9gbe a jobban dokument\u00e1lt 18. sz\u00e1zadt\u00f3l \u00e1ltal\u00e1ban \u00fagy t\u00f6rt\u00e9nt, hogy az \u00e9szakkeleti megy\u00e9kbe els\u0151sorban Gal\u00edci\u00e1b\u00f3l kor\u00e1bban\n                      betelepedett zsid\u00f3k k\u00f6lt\u00f6ztek be a kisebb falvakba,&nbsp;\u00e9s ott a k\u00fcl\u00f6nf\u00e9le f\u00f6ldes\u00fari jogokat b\u00e9relt\u00e9k; egy-egy faluban rendszerint egy-k\u00e9t zsid\u00f3 csal\u00e1d \u00e9lt, (l\u00e1sd az \u00f6ssze\u00edr\u00e1sokat). A kisebb helyekre telepedett zsid\u00f3k fokozatosan\n                      a nagyobb kereskedelmi k\u00f6zpontokba h\u00faz\u00f3dtak, illetve eleve voltak olyan gazdas\u00e1gi centrumai a t\u00e9rs\u00e9gnek, amelyek vonz\u00e1sk\u00f6rzetei j\u00f3val tov\u00e1bbterjednek a megye hat\u00e1r\u00e1n\u00e1l.\n                      <br>&nbsp; &nbsp;Az els\u0151 \u00f6ssze\u00edr\u00e1sok 1723-ban P\u00e1szt\u00f3n h\u00e1rom zsid\u00f3t,&nbsp;az 1727. \u00e9vben a kett\u0151s megye \u00f6t k\u00f6zs\u00e9g\u00e9ben mind\u00f6ssze hat zsid\u00f3 csal\u00e1dot t\u00fcntetnek fel.[1] 1736-ban Gy\u00f6ngy\u00f6s\u00f6n nyolc, Hal\u00e1szon egy csal\u00e1df\u0151t \u00edrtak \u00f6ssze. Egy m\u00e1sik\n                      \u00f6ssze\u00edr\u00e1s szerint Heves megy\u00e9ben kilenc csal\u00e1df\u0151t \u00edrtak \u00f6ssze, \u00f6sszesen huszonk\u00e9t szem\u00e9lyt. Nyolc csal\u00e1df\u0151 Morva-, egy Lengyelorsz\u00e1gb\u00f3l sz\u00e1rmazott.[2]&nbsp;A zsid\u00f3k t\u00f6bbnyire a f\u00f6ldesurak j\u00f3volt\u00e1b\u00f3l telepedhettek le a f\u00f6ldbirtokokon,\n                      sem nekik, sem a f\u00f6ldbirtokosoknak nem volt \u00e9rdeke a pontos \u00f6ssze\u00edr\u00e1s. \u00cdgy volt ez az 1788-ban II. J\u00f3zsef alatt v\u00e9grehajtott \u00f6ssze\u00edr\u00e1s idej\u00e9n is; vagy az \u00f6ssze\u00edr\u00e1s pontatlan, vagy, amint t\u00f6bb m\u00e1s jelleg\u0171 J\u00f3zsef korabeli \u00f6ssze\u00edr\u00e1ssal\n                      is t\u00f6rt\u00e9nt, hal\u00e1la ut\u00e1n a t\u00f6bbs\u00e9g\u00fck\u00e9t megsemmis\u00edtett\u00e9k. 1788-ban a Gy\u00f6ngy\u00f6si \u00e9s a Tiszai j\u00e1r\u00e1sban \u00edrt\u00e1k \u00f6ssze a zsid\u00f3kat. Tiszaf\u00fcreden n\u00e9gy, P\u00e1szt\u00f3n h\u00e1rom, Cs\u00e1nyban kett\u0151, Alatty\u00e1nban, Ecs\u00e9den, Szentjakabon, Tiszab\u0151n \u00e9s Tiszaigaron\n                      egy-egy zsid\u00f3 csal\u00e1d \u00e9lt.[3] Val\u00f3sz\u00edn\u0171leg j\u00f3val t\u00f6bben lehettek, els\u0151sorban Gy\u00f6ngy\u00f6s\u00f6n, ezt igazolj\u00e1k a k\u00f6vetkez\u0151 adatok is.&nbsp;<\/p>\n                    <p>2. t\u00e1bl\u00e1zat: Heves megye zsid\u00f3 lakoss\u00e1g\u00e1nak n\u00f6veked\u00e9se a 19. sz\u00e1zad els\u0151 fel\u00e9ben[4]<\/p>\n                  <\/div>\n                <\/div>\n                <div data-colibri-id=\"681-c11\" class=\"d-block style-764 style-local-681-c11 position-relative h-element\">\n                  <!---->\n                  <div class=\"h-image__frame-container-outer\">\n                    <div class=\"h-image__frame-container\">\n                      <!---->\n                      <!---->\n                      <img loading=\"lazy\" decoding=\"async\" width=\"571\" height=\"225\" src=\"http:\/\/hevesmemorial.hu\/wp-content\/uploads\/2022\/02\/cropped-2.-tablazat.png\" class=\"wp-image-749 style-764-image style-local-681-c11-image\" alt=\"\" srcset=\"https:\/\/hevesmemorial.hu\/wp-content\/uploads\/2022\/02\/cropped-2.-tablazat.png 571w, https:\/\/hevesmemorial.hu\/wp-content\/uploads\/2022\/02\/cropped-2.-tablazat-300x118.png 300w\" sizes=\"auto, (max-width: 571px) 100vw, 571px\" \/>\n                      <div class=\"h-image__frame h-hide-lg h-hide-md h-hide-sm style-764-frameImage style-local-681-c11-frameImage\"><\/div>\n                    <\/div>\n                  <\/div>\n                <\/div>\n                <div data-colibri-id=\"681-c12\" class=\"h-text h-text-component style-763 style-local-681-c12 justified position-relative h-element\">\n                  <!---->\n                  <!---->\n                  <div class=\"\">\n                    <p>[1]&nbsp;Scheiber&nbsp;S\u00e1ndor. 1963. El\u0151sz\u00f3.\n                      <br>[2]&nbsp;Marton Ern\u0151. 1941. 49 l.\n                      <br>[3]&nbsp;Conscriptio Judaeorum 1788: Szolnok IV.-7\/b\/6. 969-970 \u00d6I = Heves megyei Lev\u00e9lt\u00e1r, Eger, a tov\u00e1bbiakban HML.\n                      <br>[4]&nbsp;Az 1805-\u00f6s&nbsp;\u00e9s 1825-\u00f6s nem nemesi \u00f6ssze\u00edr\u00e1s, Ludovicus Nagy, 1840: F\u00e9nyes Elek adatai, \u00e9s az 1850-es osztr\u00e1k n\u00e9psz\u00e1ml\u00e1l\u00e1s adatai alapj\u00e1n k\u00f6zli Kov\u00e1cs Alajos. 1922. 56-57 l.<\/p>\n                  <\/div>\n                <\/div>\n                <div data-colibri-id=\"681-c13\" class=\"h-text h-text-component style-765 style-local-681-c13 justified position-relative h-element\">\n                  <!---->\n                  <!---->\n                  <div class=\"\">\n                    <p>Ezeket az \u00f6ssze\u00edr\u00e1si adatokat er\u0151s\u00edtik az els\u0151 orsz\u00e1gos hivatalos n\u00e9psz\u00e1ml\u00e1l\u00e1sig, 1869-ig az 1816-t\u00f3l megjelen\u0151 egyh\u00e1zi \u00f6ssze\u00edr\u00e1sok, a schematizmusok. Ezek az egy-h\u00e1rom, illetve \u00f6t \u00e9venk\u00e9nt megjelen\u0151 kiadv\u00e1nyok hozz\u00e1vet\u0151legesen t\u00e1j\u00e9koztatnak\n                      benn\u00fcnket a telep\u00fcl\u00e9sek lakoss\u00e1g\u00e1nak \u00e9s a zsid\u00f3s\u00e1g sz\u00e1mar\u00e1ny\u00e1nak alakul\u00e1s\u00e1r\u00f3l a megy\u00e9ben. Az \u00f6sszes\u00edtett adatokban szerepelnek K\u00fcls\u0151-Szolnok v\u00e1rmegye adatai is, ahol a Bach-korszakig csak a J\u00e1szkun ker\u00fcleteken k\u00edv\u00fcl, a Tiszai j\u00e1r\u00e1sban\n                      lakhattak. [1] <\/p>\n                    <p>&nbsp;&nbsp;&nbsp;&nbsp;&nbsp;&nbsp;&nbsp;&nbsp;&nbsp;&nbsp;&nbsp;A megyei zsid\u00f3 lakoss\u00e1g sz\u00e1m\u00e1nak alakul\u00e1sa ezek alapj\u00e1n: <\/p>\n                    <p>&nbsp;&nbsp;&nbsp;&nbsp;&nbsp;&nbsp;&nbsp;&nbsp;&nbsp;&nbsp;&nbsp;1816:&nbsp;&nbsp;&nbsp;&nbsp;1.592<\/p>\n                    <p>&nbsp;&nbsp;&nbsp;&nbsp;&nbsp;&nbsp;&nbsp;&nbsp;&nbsp;&nbsp;&nbsp;1851:&nbsp;&nbsp;&nbsp;&nbsp;6.879<\/p>\n                    <p>&nbsp;&nbsp;&nbsp;&nbsp;&nbsp;&nbsp;&nbsp;&nbsp;&nbsp;&nbsp;&nbsp;1869:&nbsp;&nbsp;11.533<\/p>\n                    <p>&nbsp;&nbsp;&nbsp;&nbsp;&nbsp;&nbsp;&nbsp;&nbsp;&nbsp;&nbsp;&nbsp;1816-t\u00f3l 1869-ig 724 %-kal n\u0151tt a l\u00e9tsz\u00e1muk. 1816-ban 46, 1851-ben 145, 1869-ben 166 helys\u00e9gben \u00e9ltek a kett\u0151s megy\u00e9ben, ugyanakkor a gazdas\u00e1gi k\u00f6r\u00fclm\u00e9nyek k\u00f6vetkezt\u00e9ben\n                      koncentr\u00e1ci\u00f3juk a nagyobb telep\u00fcl\u00e9seken egyre fokoz\u00f3dott:<\/p>\n                    <p>T\u00e1bl\u00e1zat 3 A zsid\u00f3 lakoss\u00e1g l\u00e9tsz\u00e1m\u00e1nak alakul\u00e1sa \u00e9s telep\u00fcl\u00e9snagys\u00e1g szerinti megoszl\u00e1sa sz\u00e1zal\u00e9kban<\/p>\n                  <\/div>\n                <\/div>\n                <div data-colibri-id=\"681-c14\" class=\"d-block style-766 style-local-681-c14 position-relative h-element\">\n                  <!---->\n                  <div class=\"h-image__frame-container-outer\">\n                    <div class=\"h-image__frame-container\">\n                      <!---->\n                      <!---->\n                      <img loading=\"lazy\" decoding=\"async\" width=\"1267\" height=\"314\" src=\"http:\/\/hevesmemorial.hu\/wp-content\/uploads\/2022\/02\/cropped-tablazat3.png\" class=\"wp-image-751 style-766-image style-local-681-c14-image\" alt=\"\" srcset=\"https:\/\/hevesmemorial.hu\/wp-content\/uploads\/2022\/02\/cropped-tablazat3.png 1267w, https:\/\/hevesmemorial.hu\/wp-content\/uploads\/2022\/02\/cropped-tablazat3-300x74.png 300w, https:\/\/hevesmemorial.hu\/wp-content\/uploads\/2022\/02\/cropped-tablazat3-1024x254.png 1024w, https:\/\/hevesmemorial.hu\/wp-content\/uploads\/2022\/02\/cropped-tablazat3-768x190.png 768w\" sizes=\"auto, (max-width: 1267px) 100vw, 1267px\" \/>\n                      <div class=\"h-image__frame h-hide-lg h-hide-md h-hide-sm style-766-frameImage style-local-681-c14-frameImage\"><\/div>\n                    <\/div>\n                  <\/div>\n                <\/div>\n                <div data-colibri-id=\"681-c15\" class=\"h-text h-text-component style-767 style-local-681-c15 position-relative h-element\">\n                  <!---->\n                  <!---->\n                  <div class=\"\">\n                    <p>[1]&nbsp;Schematismus, 1816. Ill. Ol\u00e1h Istv\u00e1n, 1982.<\/p>\n                  <\/div>\n                <\/div>\n                <div data-colibri-id=\"681-c16\" class=\"h-text h-text-component style-768 style-local-681-c16 justified position-relative h-element\">\n                  <!---->\n                  <!---->\n                  <div class=\"\">\n                    <p>A KSH 1993-ban jelentette meg Magyarorsz\u00e1g zsid\u00f3 n\u00e9pess\u00e9g\u00e9r\u0151l sz\u00f3l\u00f3 r\u00e9szletes t\u00e1bl\u00e1zatsor\u00e1t. [1] (1. sz. mell\u00e9klet) Az 1876 ut\u00e1n kialakult Heves megy\u00e9t v\u00e9ve alapul 115 telep\u00fcl\u00e9sen mutatja ki zsid\u00f3k jelenl\u00e9t\u00e9t; 1840-ben, 1880-ban, 1910-ben\n                      \u00e9s 1941-ben. Az els\u0151 adatsor F\u00e9nyes Elek nyom\u00e1n [2], a t\u00f6bbi a n\u00e9psz\u00e1ml\u00e1l\u00e1sok adatai alapj\u00e1n k\u00e9sz\u00fclt. 1880 \u00e9s 1910-ben megadja a teljes lakoss\u00e1g sz\u00e1m\u00e1t, majd a zsid\u00f3 n\u00e9pess\u00e9g sz\u00e1mar\u00e1ny\u00e1t sz\u00e1zal\u00e9kban az eg\u00e9sz lakoss\u00e1g\u00e9hoz k\u00e9pest,\n                      illetve az 1941-ben zsid\u00f3nak min\u0151s\u00edtett, nem zsid\u00f3 vall\u00e1s\u00faak sz\u00e1m\u00e1t is.&nbsp;<\/p>\n                    <p>T\u00e1bl\u00e1zat 4 Heves megye zsid\u00f3 lakoss\u00e1ga j\u00e1r\u00e1sok szerint<\/p>\n                  <\/div>\n                <\/div>\n                <div data-colibri-id=\"681-c17\" class=\"d-block style-770 style-local-681-c17 position-relative h-element\">\n                  <!---->\n                  <div class=\"h-image__frame-container-outer\">\n                    <div class=\"h-image__frame-container\">\n                      <!---->\n                      <!---->\n                      <img loading=\"lazy\" decoding=\"async\" width=\"1245\" height=\"462\" src=\"http:\/\/hevesmemorial.hu\/wp-content\/uploads\/2022\/02\/cropped-tablazat4-jo.png\" class=\"wp-image-755 style-770-image style-local-681-c17-image\" alt=\"\" srcset=\"https:\/\/hevesmemorial.hu\/wp-content\/uploads\/2022\/02\/cropped-tablazat4-jo.png 1245w, https:\/\/hevesmemorial.hu\/wp-content\/uploads\/2022\/02\/cropped-tablazat4-jo-300x111.png 300w, https:\/\/hevesmemorial.hu\/wp-content\/uploads\/2022\/02\/cropped-tablazat4-jo-1024x380.png 1024w, https:\/\/hevesmemorial.hu\/wp-content\/uploads\/2022\/02\/cropped-tablazat4-jo-768x285.png 768w\" sizes=\"auto, (max-width: 1245px) 100vw, 1245px\" \/>\n                      <div class=\"h-image__frame h-hide-lg h-hide-md h-hide-sm style-770-frameImage style-local-681-c17-frameImage\"><\/div>\n                    <\/div>\n                  <\/div>\n                <\/div>\n                <div data-colibri-id=\"681-c18\" class=\"h-text h-text-component style-769 style-local-681-c18 justified position-relative h-element\">\n                  <!---->\n                  <!---->\n                  <div class=\"\">\n                    <p>[1]&nbsp;Kovacsics J\u00f3zsef. 1993, 164 -171 l.\n                      <br>[2]&nbsp;F\u00e9nyes Elek: 1853. A Heves megyei Lev\u00e9lt\u00e1rban tal\u00e1lhat\u00f3 az 1833-1846 k\u00f6z\u00f6tti \u00e9vekb\u0151l sz\u00e1rmaz\u00f3 t\u00fcrelmi ad\u00f3\u00f6ssze\u00edr\u00e1sok elt\u00e9r\u0151 adatokat tartalmaznak F\u00e9nyes Elekhez k\u00e9pest, j\u00f3val t\u00f6bb zsid\u00f3 lakost kimutatva az egyes telep\u00fcl\u00e9seken.&nbsp;HML.\n                      IV.7\/b\/6.&nbsp;\u00d6I: 955-970. A j\u00e1r\u00e1sonk\u00e9nti \u00f6sszes\u00edt\u00e9st a&nbsp;2. sz.&nbsp;mell\u00e9kletben, az \u00f6ssze\u00edr\u00e1sok r\u00e9szletes ismertet\u00e9s\u00e9t k\u00fcl\u00f6n fejezetben k\u00f6zl\u00f6m<\/p>\n                  <\/div>\n                <\/div>\n              <\/div>\n            <\/div>\n          <\/div>\n        <\/div>\n      <\/div>\n      <div data-colibri-id=\"681-c19\" class=\"h-row-container gutters-row-lg-2 gutters-row-md-2 gutters-row-0 gutters-row-v-lg-2 gutters-row-v-md-2 gutters-row-v-2 style-771 style-local-681-c19 position-relative\">\n        <!---->\n        <div class=\"h-row justify-content-lg-center justify-content-md-center justify-content-center align-items-lg-stretch align-items-md-stretch align-items-stretch gutters-col-lg-2 gutters-col-md-2 gutters-col-0 gutters-col-v-lg-2 gutters-col-v-md-2 gutters-col-v-2\">\n          <!---->\n          <div class=\"h-column h-column-container d-flex h-col-lg-auto h-col-md-auto h-col-auto style-772-outer style-local-681-c20-outer\">\n            <div data-colibri-id=\"681-c20\" class=\"d-flex h-flex-basis h-column__inner h-px-lg-2 h-px-md-2 h-px-2 v-inner-lg-2 v-inner-md-2 v-inner-2 style-772 style-local-681-c20 position-relative\">\n              <!---->\n              <!---->\n              <div class=\"w-100 h-y-container h-column__content h-column__v-align flex-basis-100 align-self-lg-start align-self-md-start align-self-start\">\n                <!---->\n                <div data-colibri-id=\"681-c21\" class=\"h-text h-text-component style-773 style-local-681-c21 justified position-relative h-element\">\n                  <!---->\n                  <!---->\n                  <div class=\"\">\n                    <p>T\u00e1bl\u00e1zat 5&nbsp;Heves megye, Eger \u00e9s Gy\u00f6ngy\u00f6s zsid\u00f3 lakoss\u00e1g\u00e1nak sz\u00e1zal\u00e9kos megoszl\u00e1sa az \u00f6sszlakoss\u00e1ghoz viszony\u00edtva<\/p>\n                  <\/div>\n                <\/div>\n                <div data-colibri-id=\"681-c22\" class=\"d-block style-774 style-local-681-c22 position-relative h-element\">\n                  <!---->\n                  <div class=\"h-image__frame-container-outer\">\n                    <div class=\"h-image__frame-container\">\n                      <!---->\n                      <!---->\n                      <img loading=\"lazy\" decoding=\"async\" width=\"1254\" height=\"188\" src=\"http:\/\/hevesmemorial.hu\/wp-content\/uploads\/2022\/02\/cropped-tablazat5.png\" class=\"wp-image-757 style-774-image style-local-681-c22-image\" alt=\"\" srcset=\"https:\/\/hevesmemorial.hu\/wp-content\/uploads\/2022\/02\/cropped-tablazat5.png 1254w, https:\/\/hevesmemorial.hu\/wp-content\/uploads\/2022\/02\/cropped-tablazat5-300x45.png 300w, https:\/\/hevesmemorial.hu\/wp-content\/uploads\/2022\/02\/cropped-tablazat5-1024x154.png 1024w, https:\/\/hevesmemorial.hu\/wp-content\/uploads\/2022\/02\/cropped-tablazat5-768x115.png 768w\" sizes=\"auto, (max-width: 1254px) 100vw, 1254px\" \/>\n                      <div class=\"h-image__frame h-hide-lg h-hide-md h-hide-sm style-774-frameImage style-local-681-c22-frameImage\"><\/div>\n                    <\/div>\n                  <\/div>\n                <\/div>\n                <div data-colibri-id=\"681-c23\" class=\"h-text h-text-component style-775 style-local-681-c23 justified position-relative h-element\">\n                  <!---->\n                  <!---->\n                  <div class=\"\">\n                    <p>A demogr\u00e1fiai t\u00e1bl\u00e1zat szerint az igaz\u00e1n nagyar\u00e1ny\u00fa beteleped\u00e9s 1880-ig megt\u00f6rt\u00e9nt, ez volt a demogr\u00e1fiai cs\u00facspont a megy\u00e9ben, ekkor volt nagyj\u00e1b\u00f3l az orsz\u00e1gos \u00e1tlagnak megfelel\u0151&nbsp;a megy\u00e9ben \u00e9l\u0151 zsid\u00f3s\u00e1g ar\u00e1nysz\u00e1ma. A megye csak\n                      \u00e1tmeneti lak\u00f3helyet jelentett az \u00e9szakkeleti megy\u00e9kb\u0151l az orsz\u00e1g belseje fel\u00e9 mozg\u00f3 zsid\u00f3 n\u00e9pess\u00e9g sz\u00e1m\u00e1ra, mivel gazdas\u00e1gi fejl\u0151d\u00e9se a sz\u00e1zadfordul\u00f3n sem volt igaz\u00e1n jelent\u0151s, nem jelentett az itt \u00e9l\u0151 zsid\u00f3 n\u00e9pess\u00e9g sz\u00e1m\u00e1ra el\u00e9g\n                      megtart\u00f3 er\u0151t.&nbsp;Az \u00f6sszes rendelkez\u00e9sre \u00e1ll\u00f3 adat azt bizony\u00edtja, hogy a Heves megyei zsid\u00f3s\u00e1g t\u00falnyom\u00f3 r\u00e9sze m\u00e1r Magyarorsz\u00e1gon sz\u00fcletett, \u00e9s els\u0151sorban a k\u00f6rnyez\u0151 megy\u00e9kb\u0151l ker\u00fclt ide. A megindul\u00f3 t\u0151k\u00e9s fejl\u0151d\u00e9s csak a nagyobb\n                      telep\u00fcl\u00e9seken, els\u0151sorban a k\u00e9t nagyv\u00e1rosban vonzotta a betelep\u00fcl\u0151ket, a j\u00e1r\u00e1sok ter\u00fclet\u00e9n egyre kevesebb a zsid\u00f3 lakoss\u00e1g, a hatvani j\u00e1r\u00e1st kiv\u00e9ve, ahol a n\u00e9pess\u00e9gn\u00f6veked\u00e9s a hatvani cukorgy\u00e1rnak, \u00e9s a hozz\u00e1 kapcsol\u00f3 ipari, mez\u0151gazdas\u00e1gi\n                      l\u00e9tes\u00edtm\u00e9nyeknek, illetve ennek k\u00f6vetkezt\u00e9ben a v\u00e1rosnak a megyeit meghalad\u00f3 fejl\u0151d\u00e9s\u00e9nek volt a k\u00f6vetkezm\u00e9nye. B\u00e1r a sz\u00e1zadfordul\u00f3n a megyek\u00f6zpont zsid\u00f3s\u00e1g\u00e1nak sz\u00e1ma fel\u00fclm\u00falta a hagyom\u00e1nyos k\u00f6zpont, Gy\u00f6ngy\u00f6s&nbsp;l\u00e9tsz\u00e1m\u00e1t, m\u00e9gis\n                      ez ut\u00f3bbi v\u00e1ros zsid\u00f3 lakoss\u00e1g\u00e1nak sz\u00e1ma kisebb \u00fctemben cs\u00f6kkent a II. vil\u00e1gh\u00e1bor\u00faig, mint az egri k\u00f6z\u00f6ss\u00e9g l\u00e9tsz\u00e1ma. A lakoss\u00e1g ar\u00e1nysz\u00e1m\u00e1ban is v\u00e9gig Gy\u00f6ngy\u00f6s&nbsp;vezetett.\n                      <br>&nbsp; &nbsp;A demogr\u00e1fiai \u00e1tmenet Magyarorsz\u00e1gon az 1880-as \u00e9vekben indult meg, \u00e9s gyakorlatilag a 1960-as \u00e9vekig tartott. N\u00e9h\u00e1ny \u00e9vtizedig a magas sz\u00fclet\u00e9ssz\u00e1m megmaradt, a magas hal\u00e1loz\u00e1si ar\u00e1ny viszont fokozatosan cs\u00f6kkent, \u00e9s\n                      ez, m\u00e9g ha a nyugati orsz\u00e1gok\u00e9hoz k\u00e9pest kisebb m\u00e9rt\u00e9kben, de m\u00e9gis n\u00e9pess\u00e9grobban\u00e1shoz vezetett. Az orsz\u00e1g megy\u00e9it h\u00e1rom nagy csoportba lehet osztani, Heves megye a sz\u00fclet\u00e9ssz\u00e1m \u00e9s a hal\u00e1loz\u00e1si ar\u00e1ny vonatkoz\u00e1s\u00e1ban is a legkedvez\u0151bb\n                      adotts\u00e1g\u00fa megy\u00e9k k\u00f6z\u00f6tt szerepelt, a kedvez\u0151tlen hal\u00e1loz\u00e1si ar\u00e1ny m\u00e1r az 1880-as \u00e9vekben elkezdett cs\u00f6kkeni, a sz\u00fclet\u00e9sek sz\u00e1ma viszont csak a 20. sz\u00e1zad m\u00e1sodik \u00e9vtized\u00e9t\u0151l. Az \u00e1tmenet megindul\u00e1s\u00e1ig a sz\u00fclet\u00e9sek sz\u00e1ma \u00e9ppen csak\n                      hogy fedezi az elhal\u00e1loz\u00e1sok\u00e9t. A nagyfok\u00fa hal\u00e1loz\u00e1si ar\u00e1ny legf\u0151bb oka a kedvez\u0151tlen eg\u00e9szs\u00e9gi viszonyok k\u00f6vetkezt\u00e9ben a nagyar\u00e1ny\u00fa csecsem\u0151-, illetve gyermekhaland\u00f3s\u00e1g.\n                      <br>&nbsp; &nbsp;A zsid\u00f3 csal\u00e1dokban &#8211; f\u00fcggetlen\u00fcl a lak\u00f3helyt\u0151l &#8211; \u00e1ltal\u00e1ban nagysz\u00e1m\u00fa gyermek sz\u00fcletett. R\u00e9szben a vall\u00e1si szok\u00e1sok, r\u00e9szben a nagy gyermekhaland\u00f3s\u00e1g miatt eg\u00e9szen az I. vil\u00e1gh\u00e1bor\u00faig igen nagy az \u00e1tlagos gyermek sz\u00e1m.[1]\n                      Az egri anyak\u00f6nyvbe val\u00f3 betekint\u00e9s is ezt igazolja, a legm\u00f3dosabb csal\u00e1doknak (Schwartz, Br\u00f3dy, Preszler) is sz\u00e1mos gyermek\u00fck sz\u00fcletett, \u00e9s halt is meg kisgyermekkorban. A demogr\u00e1fiai mozg\u00e1sok mellett nagyon fontos a mobilit\u00e1s,\n                      a magyarorsz\u00e1gi zsid\u00f3s\u00e1g mindig is nagyon mobil volt, ezt mutatj\u00e1k a megyei \u00e9s a helyi adatok is. 1933-ban az 1930-as n\u00e9psz\u00e1ml\u00e1l\u00e1s alapj\u00e1n Kov\u00e1cs Alajos&nbsp;\u00e1llap\u00edtotta meg: \u201eaz egri zsid\u00f3s\u00e1gnak m\u00e9g a fele sem helybeli sz\u00fclet\u00e9s\u0171,\n                      nagyobb fele bev\u00e1ndorolt.\u201d[2]\n                      <br>&nbsp; &nbsp;Megyei vonatkoz\u00e1sban csak 1900 \u00e9s 1910 k\u00f6z\u00f6tti adataink vannak. M\u00edg 1900-ban 10.320, addig 1910-ben m\u00e1r csak 10.244 f\u0151 volt Heves megye zsid\u00f3 lakoss\u00e1ga, a cs\u00f6kken\u00e9s 76 f\u0151. A term\u00e9kenys\u00e9gi t\u00f6bblet 1223 f\u0151, 11,9 %, a v\u00e1ndorl\u00e1si\n                      k\u00fcl\u00f6nb\u00f6zet viszont nagyon negat\u00edv: &#8211; 1299 f\u0151. 12,6 %, a t\u00e9nyleges szaporod\u00e1s, illetve fogy\u00e1s \u00edgy &#8211; 0,7 %[3]&nbsp;Tiszaf\u00fcreden m\u00f3dom volt r\u00e9szletes, a teljes lakoss\u00e1gra, illetve az anyak\u00f6nyvekben szerepl\u0151 szem\u00e9lyekre kiterjed\u0151 demogr\u00e1fiai\n                      vizsg\u00e1latot v\u00e9gezni. Mind az egyh\u00e1zi anyak\u00f6nyvek 1840-1895 k\u00f6z\u00f6tt, mind az \u00e1llami anyak\u00f6nyvek adatait kigy\u0171jt\u00f6ttem. A leg\u00e9rdekesebb adatokat a sz\u00fclet\u00e9si sz\u00e1m, a csal\u00e1dokban a gyermekek sz\u00e1m\u00e1nak alakul\u00e1sa az egyes korszakokban,&nbsp;\u00e9s\n                      a mobilit\u00e1s alakul\u00e1s\u00e1r\u00f3l kaptam, ez\u00e9rt ezeket a t\u00e1bl\u00e1zatokat ebbe a dolgozatba is beillesztettem, mivel a tendencia az eg\u00e9sz megye zsid\u00f3s\u00e1g\u00e1ra jellemz\u0151 volt. A sz\u00fclet\u00e9si r\u00e1ta (ezer lakosra sz\u00e1m\u00edtva) m\u00e1r az 1840-es \u00e9vekben is magas,\n                      a k\u00f6vetkez\u0151 \u00e9vtizedben a zsid\u00f3 n\u00e9pess\u00e9g sz\u00e1ma megdupl\u00e1z\u00f3dik, val\u00f3sz\u00edn\u0171leg a bek\u00f6lt\u00f6z\u00e9sek eredm\u00e9nyek\u00e9nt. A mobil n\u00e9pess\u00e9g t\u00f6bbnyire fiatal, sz\u00fcl\u0151k\u00e9pes kor\u00fa h\u00e1zasp\u00e1rokb\u00f3l \u00e1llt. Rendelkez\u00e9s\u00fcnkre \u00e1ll \u00f6sszehasonl\u00edt\u00e1sul 1881-1941-ig a\n                      magyarorsz\u00e1gi teljes \u00e9s a zsid\u00f3 lakoss\u00e1g demogr\u00e1fiai viselked\u00e9s\u00e9t mutat\u00f3 t\u00e1bl\u00e1zat[4], melynek adatai mell\u00e9 illesztettem a tiszaf\u00fcredi zsid\u00f3 n\u00e9pess\u00e9g megfelel\u0151 adatait t\u00edz \u00e9ves bont\u00e1sban.&nbsp;&nbsp;<\/p>\n                    <p>T\u00e1bl\u00e1zat 6 Magyarorsz\u00e1g \u00f6sszlakoss\u00e1ga,&nbsp;a zsid\u00f3 n\u00e9pess\u00e9g \u00e9s a tiszaf\u00fcredi zsid\u00f3 lakoss\u00e1g sz\u00fclet\u00e9si, hal\u00e1loz\u00e1si \u00e9s term\u00e9szetes szaporod\u00e1si r\u00e1t\u00e1i \u00f6t, illetve t\u00edz\u00e9ves \u00e1tlagokban ezer lakosra sz\u00e1molva<\/p>\n                  <\/div>\n                <\/div>\n                <div data-colibri-id=\"681-c24\" class=\"d-block style-777 style-local-681-c24 position-relative h-element\">\n                  <!---->\n                  <div class=\"h-image__frame-container-outer\">\n                    <div class=\"h-image__frame-container\">\n                      <!---->\n                      <!---->\n                      <img loading=\"lazy\" decoding=\"async\" width=\"1378\" height=\"492\" src=\"http:\/\/hevesmemorial.hu\/wp-content\/uploads\/2022\/02\/cropped-tablazat6.png\" class=\"wp-image-759 style-777-image style-local-681-c24-image\" alt=\"\" srcset=\"https:\/\/hevesmemorial.hu\/wp-content\/uploads\/2022\/02\/cropped-tablazat6.png 1378w, https:\/\/hevesmemorial.hu\/wp-content\/uploads\/2022\/02\/cropped-tablazat6-300x107.png 300w, https:\/\/hevesmemorial.hu\/wp-content\/uploads\/2022\/02\/cropped-tablazat6-1024x366.png 1024w, https:\/\/hevesmemorial.hu\/wp-content\/uploads\/2022\/02\/cropped-tablazat6-768x274.png 768w\" sizes=\"auto, (max-width: 1378px) 100vw, 1378px\" \/>\n                      <div class=\"h-image__frame h-hide-lg h-hide-md h-hide-sm style-777-frameImage style-local-681-c24-frameImage\"><\/div>\n                    <\/div>\n                  <\/div>\n                <\/div>\n                <div data-colibri-id=\"681-c25\" class=\"h-text h-text-component style-776 style-local-681-c25 position-relative h-element\">\n                  <!---->\n                  <!---->\n                  <div class=\"\">\n                    <p>[1]&nbsp;V\u00f6. a szerz\u0151 A tiszaf\u00fcredi zsid\u00f3s\u00e1g t\u00f6rt\u00e9nete \u00e9s demogr\u00e1fi\u00e1ja. Tiszaf\u00fcred, 1995. c. k\u00f6tet\u00e9nek demogr\u00e1fi\u00e1r\u00f3l sz\u00f3l\u00f3 fejezet\u00e9t.\n                      <br>[2]&nbsp;Kov\u00e1cs Alajos. 1933. 284 l\n                      <br>[3]&nbsp;Kov\u00e1cs Alajos. 1922. 66 l.\n                      <br>[4]&nbsp;Jehuda Don-George Magos. 1985. 440 l.<\/p>\n                  <\/div>\n                <\/div>\n                <div data-colibri-id=\"681-c26\" class=\"h-text h-text-component style-778 style-local-681-c26 justified position-relative h-element\">\n                  <!---->\n                  <!---->\n                  <div class=\"\">\n                    <p>A Tiszaf\u00fcredre vonatkoz\u00f3 adatok a megfelel\u0151 \u00e9vtizedre vonatkoznak.<\/p>\n                    <p>&nbsp;&nbsp;&nbsp;&nbsp;&nbsp;&nbsp;&nbsp;&nbsp;&nbsp;&nbsp;&nbsp;A magyarorsz\u00e1gi zsid\u00f3s\u00e1g sz\u00fclet\u00e9si r\u00e1t\u00e1ja m\u00e1r a t\u00e1rgyalt kor el\u0151tt alacsonyabb, mint az \u00f6sszlakoss\u00e1g\u00e9, ennek ellen\u00e9re a term\u00e9szetes szaporod\u00e1s ar\u00e1nya magasabb, mivel\n                      a haland\u00f3s\u00e1gi ar\u00e1ny kisebb. Gazdas\u00e1gi okok miatt a lakoss\u00e1g egyre ink\u00e1bb a v\u00e1rosokba, els\u0151sorban Budapestre \u00e9s a nagyv\u00e1rosokba koncentr\u00e1l\u00f3dott. Az asszimil\u00e1ci\u00f3val egy\u00fctt az iskol\u00e1zotts\u00e1g m\u00e9rt\u00e9ke, \u00e9s az eg\u00e9szs\u00e9g\u00fcgyi k\u00f6r\u00fclm\u00e9nyeik is\n                      nagym\u00e9rt\u00e9kben javultak. Az urbaniz\u00e1ci\u00f3, a moderniz\u00e1ci\u00f3 \u00e9s a vele egy\u00fctt j\u00e1r\u00f3 szekulariz\u00e1ci\u00f3 kedvez\u0151tlen\u00fcl hatott a gyermekv\u00e1llal\u00e1sra. A vall\u00e1sos zsid\u00f3knak mindegyik korszakban sok gyermek\u00fck sz\u00fcletett, a legvall\u00e1sosabb n\u00e9pess\u00e9g a\n                      kis telep\u00fcl\u00e9seken \u00e9lt.\n                      <br>&nbsp; &nbsp;A tiszaf\u00fcredi zsid\u00f3s\u00e1g asszimil\u00e1ci\u00f3ja a kiegyez\u00e9s ut\u00e1n gyorsult fel. A telep\u00fcl\u00e9s eg\u00e9szs\u00e9g\u00fcgyi viszonyai rosszak voltak, ez t\u00fckr\u00f6z\u0151dik az els\u0151 k\u00e9t \u00e9vtizedben az \u00e1tlagosn\u00e1l magasabb hal\u00e1loz\u00e1si ar\u00e1nyban. Ennek ellen\u00e9re\n                      az orsz\u00e1gos ar\u00e1nyn\u00e1l alacsonyabb, s\u0151t a sz\u00e1zadfordul\u00f3 ut\u00e1n el\u00e9ri, illetve alulm\u00falja az orsz\u00e1gban \u00e9l\u0151 zsid\u00f3 lakoss\u00e1g alacsonyabb hal\u00e1loz\u00e1si mutat\u00f3it. \u00d6sszess\u00e9g\u00e9ben a term\u00e9szetes szaporod\u00e1si r\u00e1ta nagyj\u00e1b\u00f3l megk\u00f6zel\u00edti az orsz\u00e1gos \u00e1tlagot,\n                      nagyobb negat\u00edv elt\u00e9r\u00e9s az 1910-es \u00e9vekben tapasztalhat\u00f3. A t\u00edzes \u00e9vek elej\u00e9n az orsz\u00e1g \u00f6sszlakoss\u00e1g\u00e1nak, illetve a zsid\u00f3 lakoss\u00e1gnak a term\u00e9szetes n\u00f6veked\u00e9si r\u00e1t\u00e1ja azonos szintre ker\u00fclt, az els\u0151 vil\u00e1gh\u00e1bor\u00fa \u00e9veire a h\u00e1bor\u00fas vesztes\u00e9g\n                      miatt a n\u00f6veked\u00e9s helyett a fogy\u00e1s volt a jellemz\u0151. A negat\u00edv tendencia Tiszaf\u00fcreden az eg\u00e9sz \u00e9vtizedre \u00e9rv\u00e9nyes. A h\u00faszas \u00e9vekben az orsz\u00e1g \u00f6sszlakoss\u00e1g\u00e1\u00e9n\u00e1l j\u00f3val alacsonyabb, a zsid\u00f3 lakoss\u00e1g\u00e9n\u00e1l magasabb a sz\u00fclet\u00e9si ar\u00e1nysz\u00e1m.\n                      A hal\u00e1loz\u00e1si r\u00e1ta az eg\u00e9szs\u00e9g\u00fcgyi viszonyok javul\u00e1s\u00e1val egyenletesen cs\u00f6kken, a harmincas \u00e9vekre a term\u00e9szetes szaporod\u00e1s m\u00e9gis negat\u00edvra fordul, azaz a n\u00e9pess\u00e9g cs\u00f6kken\u00e9se k\u00f6vetkezik be. Az elv\u00e1ndorl\u00e1s mellett, &#8211; mint eml\u00edtettem\n                      ez a tendencia a fiatalabb n\u00e9pess\u00e9gre jellemz\u0151 -, a sz\u00fclet\u00e9ssz\u00e1m cs\u00f6kken\u00e9se a n\u00e9pess\u00e9g el\u00f6reged\u00e9s\u00e9t okozta. A szaporod\u00e1s \u00e9s a migr\u00e1ci\u00f3 nagy ar\u00e1ny\u00e1t mutatja a k\u00f6vetkez\u0151 t\u00e1bl\u00e1zat.&nbsp;<\/p>\n                    <p>T\u00e1bl\u00e1zat 7 A tiszaf\u00fcredi zsid\u00f3s\u00e1g term\u00e9szetes szaporod\u00e1s\u00e1nak, v\u00e1ndorl\u00e1s\u00e1nak alakul\u00e1sa[1]<\/p>\n                  <\/div>\n                <\/div>\n                <div data-colibri-id=\"681-c27\" class=\"d-block style-780 style-local-681-c27 position-relative h-element\">\n                  <!---->\n                  <div class=\"h-image__frame-container-outer\">\n                    <div class=\"h-image__frame-container\">\n                      <!---->\n                      <!---->\n                      <img loading=\"lazy\" decoding=\"async\" width=\"1178\" height=\"610\" src=\"http:\/\/hevesmemorial.hu\/wp-content\/uploads\/2022\/02\/cropped-tablazat7-1.png\" class=\"wp-image-762 style-780-image style-local-681-c27-image\" alt=\"\" srcset=\"https:\/\/hevesmemorial.hu\/wp-content\/uploads\/2022\/02\/cropped-tablazat7-1.png 1178w, https:\/\/hevesmemorial.hu\/wp-content\/uploads\/2022\/02\/cropped-tablazat7-1-300x155.png 300w, https:\/\/hevesmemorial.hu\/wp-content\/uploads\/2022\/02\/cropped-tablazat7-1-1024x530.png 1024w, https:\/\/hevesmemorial.hu\/wp-content\/uploads\/2022\/02\/cropped-tablazat7-1-768x398.png 768w\" sizes=\"auto, (max-width: 1178px) 100vw, 1178px\" \/>\n                      <div class=\"h-image__frame h-hide-lg h-hide-md h-hide-sm style-780-frameImage style-local-681-c27-frameImage\"><\/div>\n                    <\/div>\n                  <\/div>\n                <\/div>\n                <div data-colibri-id=\"681-c28\" class=\"h-text h-text-component style-779 style-local-681-c28 position-relative h-element\">\n                  <!---->\n                  <!---->\n                  <div class=\"\">\n                    <p>[1]&nbsp;Orb\u00e1nn\u00e9 Szeg\u0151 \u00c1gnes, 1995. 115 l.<\/p>\n                  <\/div>\n                <\/div>\n                <div data-colibri-id=\"681-c29\" class=\"h-text h-text-component style-781 style-local-681-c29 justified position-relative h-element\">\n                  <!---->\n                  <!---->\n                  <div class=\"\">\n                    <p>A nagyobb v\u00e1rosokba val\u00f3 koncentr\u00e1ci\u00f3 a megy\u00e9re is jellemz\u0151, a legmagasabb az abszol\u00fat sz\u00e1m 1880-ban, majd fokozatosan cs\u00f6kken, az els\u0151 vil\u00e1gh\u00e1bor\u00faig ugyan kisebb m\u00e9rt\u00e9kben, de a demogr\u00e1fiai viszonyok, a haland\u00f3s\u00e1g cs\u00f6kken\u00e9se, \u00e9s a\n                      magas sz\u00fclet\u00e9si ar\u00e1nysz\u00e1m miatt a viszonylagos l\u00e9tsz\u00e1mcs\u00f6kken\u00e9s is a nagyobb m\u00e9rt\u00e9k\u0171 migr\u00e1ci\u00f3val magyar\u00e1zhat\u00f3. Ez a tendencia a tiszaf\u00fcredi r\u00e9szletesebb demogr\u00e1fiai elemz\u00e9s alapj\u00e1n az I. vil\u00e1gh\u00e1bor\u00fa ut\u00e1n felgyorsult. Mivel a trianoni\n                      hat\u00e1rok k\u00f6z\u00f6tt maradt zsid\u00f3s\u00e1g j\u00f3val asszimil\u00e1ltabb \u00e9s urbaniz\u00e1ltabb volt, a k\u00e9t vil\u00e1gh\u00e1bor\u00fa k\u00f6z\u00f6tt a magasabb \u00e1tlag\u00e9letkor ellen\u00e9re a nagyon alacsony sz\u00fclet\u00e9si ar\u00e1nysz\u00e1m miatt a zsid\u00f3 n\u00e9pess\u00e9g cs\u00f6kkent.<\/p>\n                  <\/div>\n                <\/div>\n              <\/div>\n            <\/div>\n          <\/div>\n        <\/div>\n      <\/div>\n    <\/div>\n  <\/div>\n<\/div>","protected":false},"excerpt":{"rendered":"<p>A Heves megyei zsid\u00f3s\u00e1g l\u00e9tsz\u00e1m\u00e1nak alakul\u00e1sa A k\u00f6z\u00e9pkort\u00f3l kezdve vannak sz\u00f3rv\u00e1ny adataink a zsid\u00f3k jelenl\u00e9t\u00e9r\u0151l Heves megy\u00e9ben. A zsid\u00f3s\u00e1g beteleped\u00e9se a t\u00e9rs\u00e9gbe a jobban dokument\u00e1lt 18. sz\u00e1zadt\u00f3l \u00e1ltal\u00e1ban \u00fagy t\u00f6rt\u00e9nt, hogy az \u00e9szakkeleti megy\u00e9kbe els\u0151sorban Gal\u00edci\u00e1b\u00f3l kor\u00e1bban betelepedett zsid\u00f3k k\u00f6lt\u00f6ztek be a kisebb falvakba,&nbsp;\u00e9s ott a k\u00fcl\u00f6nf\u00e9le f\u00f6ldes\u00fari jogokat b\u00e9relt\u00e9k; egy-egy faluban rendszerint egy-k\u00e9t zsid\u00f3 [&hellip;]<\/p>\n","protected":false},"author":1,"featured_media":0,"parent":0,"menu_order":0,"comment_status":"closed","ping_status":"closed","template":"page-templates\/full-width-page.php","meta":{"footnotes":""},"class_list":["post-681","page","type-page","status-publish","hentry"],"_links":{"self":[{"href":"https:\/\/hevesmemorial.hu\/index.php?rest_route=\/wp\/v2\/pages\/681","targetHints":{"allow":["GET"]}}],"collection":[{"href":"https:\/\/hevesmemorial.hu\/index.php?rest_route=\/wp\/v2\/pages"}],"about":[{"href":"https:\/\/hevesmemorial.hu\/index.php?rest_route=\/wp\/v2\/types\/page"}],"author":[{"embeddable":true,"href":"https:\/\/hevesmemorial.hu\/index.php?rest_route=\/wp\/v2\/users\/1"}],"replies":[{"embeddable":true,"href":"https:\/\/hevesmemorial.hu\/index.php?rest_route=%2Fwp%2Fv2%2Fcomments&post=681"}],"version-history":[{"count":19,"href":"https:\/\/hevesmemorial.hu\/index.php?rest_route=\/wp\/v2\/pages\/681\/revisions"}],"predecessor-version":[{"id":2408,"href":"https:\/\/hevesmemorial.hu\/index.php?rest_route=\/wp\/v2\/pages\/681\/revisions\/2408"}],"wp:attachment":[{"href":"https:\/\/hevesmemorial.hu\/index.php?rest_route=%2Fwp%2Fv2%2Fmedia&parent=681"}],"curies":[{"name":"wp","href":"https:\/\/api.w.org\/{rel}","templated":true}]}}