{"id":771,"date":"2022-02-27T06:51:32","date_gmt":"2022-02-27T06:51:32","guid":{"rendered":"https:\/\/hevesmemorial.hu\/?page_id=771"},"modified":"2022-05-28T17:13:47","modified_gmt":"2022-05-28T17:13:47","slug":"a-kozepkor-es-a-kora-ujkor","status":"publish","type":"page","link":"https:\/\/hevesmemorial.hu\/?page_id=771","title":{"rendered":"A K\u00d6Z\u00c9PKOR \u00c9S A KORA \u00daJKOR"},"content":{"rendered":"<div data-colibri-id=\"771-c1\" class=\"style-785 style-local-771-c1 position-relative\">\n  <!---->\n  <div data-colibri-component=\"section\" data-colibri-id=\"771-c10\" id=\"custom\" class=\"h-section h-section-global-spacing d-flex align-items-lg-center align-items-md-center align-items-center style-794 style-local-771-c10 position-relative\">\n    <!---->\n    <!---->\n    <div class=\"h-section-grid-container h-section-boxed-container\">\n      <!---->\n      <div data-colibri-id=\"771-c11\" class=\"h-row-container gutters-row-lg-2 gutters-row-md-2 gutters-row-0 gutters-row-v-lg-2 gutters-row-v-md-2 gutters-row-v-2 style-1533 style-local-771-c11 position-relative\">\n        <!---->\n        <div class=\"h-row justify-content-lg-center justify-content-md-center justify-content-center align-items-lg-stretch align-items-md-stretch align-items-stretch gutters-col-lg-2 gutters-col-md-2 gutters-col-0 gutters-col-v-lg-2 gutters-col-v-md-2 gutters-col-v-2\">\n          <!---->\n          <div class=\"h-column h-column-container d-flex h-col-lg-auto h-col-md-auto h-col-auto style-1534-outer style-local-771-c12-outer\">\n            <div data-colibri-id=\"771-c12\" class=\"d-flex h-flex-basis h-column__inner h-px-lg-2 h-px-md-2 h-px-2 v-inner-lg-2 v-inner-md-2 v-inner-2 style-1534 style-local-771-c12 position-relative\">\n              <!---->\n              <!---->\n              <div class=\"w-100 h-y-container h-column__content h-column__v-align flex-basis-100 align-self-lg-start align-self-md-start align-self-start\">\n                <!---->\n                <div data-colibri-id=\"771-c13\" class=\"h-global-transition-all h-heading style-1535 style-local-771-c13 position-relative h-element\">\n                  <!---->\n                  <div class=\"h-heading__outer style-1535 style-local-771-c13\">\n                    <!---->\n                    <!---->\n                    <h4 class=\"\"><span style=\"font-family: &quot;Playfair Display&quot;;\">A k\u00f6z\u00e9pkor \u00e9s a kora \u00fajkor<\/span><\/h4>\n                  <\/div>\n                <\/div>\n              <\/div>\n            <\/div>\n          <\/div>\n        <\/div>\n      <\/div>\n      <div data-colibri-id=\"771-c14\" class=\"h-row-container gutters-row-lg-2 gutters-row-md-2 gutters-row-0 gutters-row-v-lg-2 gutters-row-v-md-2 gutters-row-v-2 style-798 style-local-771-c14 position-relative\">\n        <!---->\n        <div class=\"h-row justify-content-lg-center justify-content-md-center justify-content-center align-items-lg-stretch align-items-md-stretch align-items-stretch gutters-col-lg-2 gutters-col-md-2 gutters-col-0 gutters-col-v-lg-2 gutters-col-v-md-2 gutters-col-v-2\">\n          <!---->\n          <div class=\"h-column h-column-container d-flex h-col-lg-auto h-col-md-auto h-col-auto style-799-outer style-local-771-c15-outer\">\n            <div data-colibri-id=\"771-c15\" class=\"d-flex h-flex-basis h-column__inner h-px-lg-2 h-px-md-2 h-px-2 v-inner-lg-2 v-inner-md-2 v-inner-2 style-799 style-local-771-c15 position-relative\">\n              <!---->\n              <!---->\n              <div class=\"w-100 h-y-container h-column__content h-column__v-align flex-basis-100 align-self-lg-start align-self-md-start align-self-start\">\n                <!---->\n                <div data-colibri-id=\"771-c16\" class=\"h-row-container gutters-row-lg-2 gutters-row-md-2 gutters-row-0 gutters-row-v-lg-2 gutters-row-v-md-2 gutters-row-v-2 style-1530 style-local-771-c16 position-relative\">\n                  <!---->\n                  <div class=\"h-row justify-content-lg-center justify-content-md-center justify-content-center align-items-lg-stretch align-items-md-stretch align-items-stretch gutters-col-lg-2 gutters-col-md-2 gutters-col-0 gutters-col-v-lg-2 gutters-col-v-md-2 gutters-col-v-2\">\n                    <!---->\n                    <div class=\"h-column h-column-container d-flex h-col-lg-auto h-col-md-auto h-col-auto style-1531-outer style-local-771-c17-outer\">\n                      <div data-colibri-id=\"771-c17\" class=\"d-flex h-flex-basis h-column__inner h-px-lg-2 h-px-md-2 h-px-2 v-inner-lg-2 v-inner-md-2 v-inner-2 style-1531 style-local-771-c17 position-relative\">\n                        <!---->\n                        <!---->\n                        <div class=\"w-100 h-y-container h-column__content h-column__v-align flex-basis-100 align-self-lg-start align-self-md-start align-self-start\">\n                          <!---->\n                          <div data-colibri-id=\"771-c18\" class=\"h-text h-text-component style-1536 style-local-771-c18 justified position-relative h-element\">\n                            <!---->\n                            <!---->\n                            <div class=\"\">\n                              <p>A k\u00f6z\u00e9pkorban a magyarorsz\u00e1gi zsid\u00f3s\u00e1g az orsz\u00e1g v\u00e1ltoz\u00f3 gazdas\u00e1gi \u00e9s politikai helyzet\u00e9t\u0151l f\u00fcgg\u0151en r\u00e9szes\u00fclt az orsz\u00e1gos \u00e9s a helyi hatalom jobb vagy rosszabb b\u00e1n\u00e1sm\u00f3dj\u00e1ban. A felvil\u00e1gosod\u00e1sig az eur\u00f3pai t\u00e1rsadalmat \u00e1thatotta\n                                a vall\u00e1sos, kereszt\u00e9ny szeml\u00e9let, ahol a zsid\u00f3k jobb\u00e1ra csak megt\u0171rt szem\u00e9lyek voltak. Az orsz\u00e1gb\u00f3l, illetve lak\u00f3hely\u00fckr\u0151l id\u0151r\u0151l \u2013 id\u0151re ki\u0171zt\u00e9k \u0151ket, csak kereskedelemmel, &#8211; azzal is megszor\u00edt\u00e1sokkal -, illetve p\u00e9nzk\u00f6lcs\u00f6nz\u00e9ssel\n                                foglalkozhattak. Ez ugyan nagy haszonnal j\u00e1rt, de \u00f3ri\u00e1si volt a kock\u00e1zat is, mivel el\u00e9g gyakran elt\u00f6r\u00f6lt\u00e9k a sokszor arisztokrata ad\u00f3sok tartoz\u00e1s\u00e1t. M\u00e1ty\u00e1s hal\u00e1la ut\u00e1n az egyre roml\u00f3 gazdas\u00e1gi \u00e9s politikai helyzet, a k\u00f6zponti\n                                hatalom gyeng\u00fcl\u00e9se az orsz\u00e1gban is zsid\u00f3\u00fcld\u00f6z\u00e9sekhez vezetett. 1526-ban a Habsburg uralom alatt \u00e1ll\u00f3 helys\u00e9gekb\u0151l ki\u0171zt\u00e9k az ott \u00e9l\u0151 zsid\u00f3kat, a t\u00f6r\u00f6k uralom al\u00e1 ker\u00fclt r\u00e9szekr\u0151l T\u00f6r\u00f6korsz\u00e1gba vitt\u00e9k \u0151ket. K\u00e9s\u0151bb a h\u00f3dolts\u00e1g\n                                ter\u00fclet\u00e9re visszatelepedtek, b\u00e1r ekkor sem jelent\u0151s sz\u00e1mban.<\/p>\n                            <\/div>\n                          <\/div>\n                        <\/div>\n                      <\/div>\n                    <\/div>\n                    <div class=\"h-column h-column-container d-flex h-col-lg-auto h-col-md-auto h-col-auto style-1532-outer style-local-771-c19-outer\">\n                      <div data-colibri-id=\"771-c19\" class=\"d-flex h-flex-basis h-column__inner h-px-lg-2 h-px-md-2 h-px-2 v-inner-lg-2 v-inner-md-2 v-inner-2 style-1532 style-local-771-c19 position-relative\">\n                        <!---->\n                        <!---->\n                        <div class=\"w-100 h-y-container h-column__content h-column__v-align flex-basis-100 align-self-lg-center align-self-md-center align-self-center\">\n                          <!---->\n                          <div data-colibri-id=\"771-c20\" class=\"d-block style-1537 style-local-771-c20 position-relative h-element\">\n                            <!---->\n                            <div class=\"h-image__frame-container-outer\">\n                              <div class=\"h-image__frame-container\">\n                                <!---->\n                                <!---->\n                                <img loading=\"lazy\" decoding=\"async\" width=\"632\" height=\"443\" src=\"http:\/\/hevesmemorial.hu\/wp-content\/uploads\/2022\/02\/egerszinezett.jpg\" class=\"wp-image-865 style-1537-image style-local-771-c20-image\" alt=\"\" srcset=\"https:\/\/hevesmemorial.hu\/wp-content\/uploads\/2022\/02\/egerszinezett.jpg 632w, https:\/\/hevesmemorial.hu\/wp-content\/uploads\/2022\/02\/egerszinezett-300x210.jpg 300w\" sizes=\"auto, (max-width: 632px) 100vw, 632px\" \/>\n                                <div class=\"h-image__frame h-hide-lg h-hide-md h-hide-sm style-1537-frameImage style-local-771-c20-frameImage\"><\/div>\n                              <\/div>\n                            <\/div>\n                          <\/div>\n                          <div data-colibri-id=\"771-c21\" class=\"h-text h-text-component style-1538 style-local-771-c21 position-relative h-element\">\n                            <!---->\n                            <!---->\n                            <div class=\"\">\n                              <h2>Eger \u2013 sz\u00ednezett fot\u00f3<\/h2>\n                            <\/div>\n                          <\/div>\n                        <\/div>\n                      <\/div>\n                    <\/div>\n                  <\/div>\n                <\/div>\n                <div data-colibri-id=\"771-c22\" class=\"h-text h-text-component style-800 style-local-771-c22 justified position-relative h-element\">\n                  <!---->\n                  <!---->\n                  <div class=\"\">\n                    <p>A Heves megy\u00e9ben \u00e9l\u0151 zsid\u00f3s\u00e1gra vonatkoz\u00f3 els\u0151 adat p\u00e1szt\u00f3i 1404-b\u0151l, majd Egerben \u00e9s Gy\u00f6ngy\u00f6s\u00f6n tal\u00e1lunk adatokat jelenl\u00e9t\u00fckre.[1] Egerben 1465. \u00e1prilis 11-\u00e9n kelt v\u00e9grendelet\u00e9ben Csetneki Andr\u00e1s&nbsp;egri v\u00e1rnagy felsorolja \u00e9rt\u00e9kt\u00e1rgyait:\n                      J\u00f3sa zsid\u00f3n\u00e1l z\u00e1logos\u00edtott el egy dr\u00e1gak\u00f6vet \u00e9s egy aranygy\u0171r\u0171t.[2] Br\u00fana Izrael&nbsp;regensburgi rabbihoz tan\u00favallom\u00e1st k\u00fcldtek egy V\u00e1c&nbsp;k\u00f6zel\u00e9ben meggyilkolt zsid\u00f3 \u00fcgy\u00e9ben az 1456-1480 k\u00f6z\u00f6tti id\u0151b\u0151l. A d\u00f6ntv\u00e9nyt\u00e1r 214. sz.\n                      d\u00f6ntv\u00e9nye \u00edgy kezd\u0151dik: \u201eNetonai, M\u00f3zesnek a fia, el\u0151tt\u00fcnk megjelenv\u00e9n, a k\u00f6vetkez\u0151 vallom\u00e1st tette: Gy\u00f6ngy\u00f6s v\u00e1rosban voltam&#8230;\u201d[3] 1495-ben Bak\u00f3cz Tam\u00e1s&nbsp;egri p\u00fcsp\u00f6k sz\u00e1mad\u00e1sk\u00f6nyv\u00e9ben szerepel Johanni zsid\u00f3&nbsp;neve.[4] A\n                      t\u00f6r\u00f6k h\u00f3dolts\u00e1g idej\u00e9n a megsz\u00e1llt ter\u00fcleten, \u00edgy Egerben is Spanyolorsz\u00e1gb\u00f3l 1492-ben ki\u0171z\u00f6tt \u00e9s az oszm\u00e1n birodalomban mened\u00e9kre tal\u00e1lt zsid\u00f3k telepedtek meg. Spanyol nyelven besz\u00e9ltek, \u00e9s a szef\u00e1rd r\u00edtust k\u00f6vett\u00e9k. Hitk\u00f6zs\u00e9get\n                      alkottak, vall\u00e1si k\u00e9rd\u00e9seikben Konstantin\u00e1poly \u00e9s Szaloniki rabbijai d\u00f6nt\u00f6ttek. J\u00f3 soruk volt. B\u00e9rleteket b\u00edrtak, \u00e1llamhivatalt viseltek, szabadon kereskedtek. A t\u00f6r\u00f6k\u00f6kkel j\u00f6ttek, \u00e9s 1686-ban a t\u00f6r\u00f6k\u00f6kkel egy\u00fctt t\u00e1voztak. Magas\n                      katonai poz\u00edci\u00f3kat is bet\u00f6lthettek. A n\u00f3gr\u00e1di magyarok&nbsp;\u201eaz Eghri Sid\u00f3 Mehmet Pas\u00e1&#8221;-ra panaszkodtak egy \u00e1tiratban, 1627. m\u00e1jus 17-\u00e9n, akinek katon\u00e1i emberben \u00e9s vagyonban s\u00falyos k\u00e1rokat okoztak nekik.[5]&nbsp;\u201e\u00c9l\u00e9nk \u00fczleti \u00e9let\n                      indult a zsid\u00f3 \u00e9s t\u00f6r\u00f6k keresked\u0151k munk\u00e1j\u00e1val. Kelet \u00e1rucikkeit helyezt\u00e9k el a magyar h\u00e1zakn\u00e1l j\u00f3 \u00e1ron\u201d[6] A t\u00f6r\u00f6k, a balk\u00e1ni, \u00e9s az erd\u00e9lyi sz\u00e1sz keresked\u0151k mellett a zsid\u00f3k teremtett\u00e9k meg a kapcsolatot a h\u00e1rom orsz\u00e1gr\u00e9sz k\u00f6z\u00f6tt,\n                      \u0151k k\u00f6zvet\u00edtett\u00e9k Kelet \u00e9s Nyugat \u00e1rucikkeit. Mez\u0151gazdas\u00e1gi \u00e9s iparcikkeket, t\u00f6r\u00f6k \u00e1rukat sz\u00e1ll\u00edtottak nyugatra, onnan ipari term\u00e9keket, nyersanyagokat, \u00e9rceket keletre. Szimcha ben Gerson Ha-Kohen, n\u00e1ndorfeh\u00e9rv\u00e1ri rabbi 1657-ben\n                      meghat\u00e1rozta, mik\u00e9nt \u00edrt\u00e1k \u00f6regapja idej\u00e9ben val\u00f3 levelekben azoknak a magyar helys\u00e9geknek a neveit, ahol v\u00e1l\u00f3 leveleket kiadtak. E szerint 1600 k\u00f6r\u00fcl a nagyobb zsid\u00f3 k\u00f6z\u00f6ss\u00e9gek k\u00f6z\u00e9 tartozott Gy\u00f6ngy\u00f6s&nbsp;\u00e9s P\u00e1szt\u00f3&nbsp;is. [7]\n                      Id\u0151rendben a k\u00f6vetkez\u0151 adat verpel\u00e9ti, ahol a temet\u0151ben 1628-b\u00f3l val\u00f3 h\u00e9ber felirat\u00fa s\u00edrk\u00f6vet tal\u00e1ltak.[8]\n                      <br>&nbsp;&nbsp;Az Alf\u00f6ld a Tisza szab\u00e1lyoz\u00e1sa \u00e9s a 19. sz\u00e1zad v\u00e9gi \u00fat- \u00e9s vas\u00fat\u00e9p\u00edt\u00e9sek el\u0151tt az \u00e9v nagy r\u00e9sz\u00e9ben alig volt j\u00e1rhat\u00f3, a zsid\u00f3k ebben az id\u0151ben is els\u0151sorban keresked\u00e9ssel foglalkoztak, j\u00e1rt\u00e1k a vid\u00e9ket gyalog, vagy szek\u00e9rrel.\n                      A t\u00f6r\u00f6k h\u00f3dolts\u00e1g alatt a jogbiztons\u00e1g am\u00fagy is nagyon rossz volt, k\u00fcl\u00f6n\u00f6sen a zsid\u00f3k megvetett, kirekesztett, jogtalan mivoltukban voltak kit\u00e9ve nagy vesz\u00e9lyeknek. Ezt bizony\u00edtja a k\u00f6vetkez\u0151 sz\u00f6veg, ami a hatvani t\u00f6r\u00f6k b\u00edr\u00f3s\u00e1g irataiban\n                      a zsid\u00f3kkal kapcsolatban tal\u00e1lhat\u00f3: \u201eHa a batyus zsid\u00f3 keresked\u00e9s v\u00e9gett a falvakban k\u00f3sz\u00e1l, leveretik, kiraboltatik, s valamely katona \u00e1ltal meg\u00f6letik, ez bebizonyul, \u00e9s ismert l\u00e9szen, hogy a zsid\u00f3 meg\u00f6let\u00e9se ut\u00e1n p\u00e9nz\u00e9b\u0151l \u00e9s javadalm\u00e1t\u00f3l\n                      megfosztatott, \u00e9s kiraboltatott \u00e9s elhurcoltatott, vajon mondhatja-e az \u00f6r\u00f6k\u00f6s: \u00e9n a gyilkost nem ismerem, az\u00e9rt \u00e9n k\u00e1rtalan\u00edt\u00e1st k\u00f6vetelek azon f\u00f6ld lakosait\u00f3l, melyen a gyilkoss\u00e1g megt\u00f6rt\u00e9nt, \u00e9s vajon szerezhet-e ekk\u00e9ppen k\u00e1rtalan\u00edt\u00e1st?\n                      Felelet: nem szerezhet.&#8221;\u201eA szem\u00e9ly- \u00e9s vagyonbiztons\u00e1g igen term\u00e9szetesen, lehet\u0151 rossz karban volt, minden szigor dacz\u00e1ra is, kiv\u00e1lt meg a zsid\u00f3k voltak akkor is a n\u00e9p el\u0151tt \u00fcld\u00f6ztet\u00e9si t\u00e1rgyak, \u00edgy Pata&nbsp;\u00e9s Tarj\u00e1n&nbsp;k\u00f6z\u00f6tt\n                      is meg\u00f6ltek egy zsid\u00f3t, mire vonatkoz\u00f3lag a k\u00f6vetkez\u0151 t\u00f6r\u00f6k okm\u00e1ny van 1683. szeptember 13-r\u00f3l: \u201eEz \u00edrat t\u00e1rgya a k\u00f6vetkez\u0151: A Pata \u00e9s Tarj\u00e1n k\u00f6z\u00f6tt meg\u00f6lve tal\u00e1lt zsid\u00f3\u00e9rt j\u00e1r\u00f3 v\u00e9rd\u00edjnak engem illet\u0151 r\u00e9sze \u00e9s j\u00e1rul\u00e9ka kifizettetett,\n                      s \u00e1tvitetv\u00e9n az \u0151rs\u00e9g az illet\u0151 elhoz\u00f3nak ez \u00edrat adatott, nehogy b\u00e1rmi kellemetlens\u00e9g t\u00e1madjon.&nbsp;Salih, ez id\u0151ben kajmak\u00e1n Hatvanban&#8221;[9] A zsid\u00f3k m\u00e9gis sz\u00edvesebben laktak a h\u00f3dolts\u00e1gi ter\u00fcleteken, mivel itt legal\u00e1bb a hat\u00f3s\u00e1gok\n                      nem zaklatt\u00e1k \u0151ket vall\u00e1suk miatt. A t\u00f6r\u00f6k ki\u0171z\u00e9se a zsid\u00f3 k\u00f6z\u00f6ss\u00e9gek feld\u00fal\u00e1s\u00e1val is j\u00e1rt, az Alf\u00f6ld betelep\u00edt\u00e9se ut\u00e1n fokozatosan, a megy\u00e9b\u0151l t\u00f6bbsz\u00f6r ki\u0171zetve tudtak csak visszatelepedni.<\/p>\n                    <p>[1] M\u00e1lyusz Elem\u00e9r. 1958. 63-64 l.&nbsp;&nbsp;\n                      <br>[2] Magyar-Zsid\u00f3 Oklev\u00e9lt\u00e1r. II. 1937. 527 l.\n                      <br>[3] Kohn S\u00e1muel. 1881. 60 l.\n                      <br>[4] Magyar-Zsid\u00f3 Oklev\u00e9lt\u00e1r. V. k\u00f6t. 1959.&nbsp;92 l.,\n                      <br>[5] Magyar-Zsid\u00f3 Oklev\u00e9lt\u00e1r. V. k\u00f6t. 1959.&nbsp;275 l.\n                      <br>[6] Follajt\u00e1r Ern\u0151. 1936.&nbsp;126 l.\n                      <br>[7] Kohn S\u00e1muel. 1881. 116 l. Veneti\u00e1ner Lajos szerint IV. B\u00e9la ut\u00e1n Gy\u00f6ngy\u00f6s zsid\u00f3ir\u00f3l is l\u00e9teznek t\u00f6rt\u00e9nelmi okm\u00e1nyok, elk\u00e9pzelhet\u0151, hogy \u0151 is a Kohn S\u00e1muel \u00e1ltal k\u00f6z\u00f6lt forr\u00e1sokra gondol. = Veneti\u00e1ner Lajos. 1922,&nbsp;35 l.\n                      <br>[8] Magyar zsid\u00f3 lexikon. Bp. 1929. 947 l\n                      <br>[9] Ethei Seb\u0151k L\u00e1szl\u00f3. 1880, 160 l.<\/p>\n                  <\/div>\n                <\/div>\n              <\/div>\n            <\/div>\n          <\/div>\n        <\/div>\n      <\/div>\n    <\/div>\n  <\/div>\n<\/div>","protected":false},"excerpt":{"rendered":"<p>A k\u00f6z\u00e9pkor \u00e9s a kora \u00fajkor A k\u00f6z\u00e9pkorban a magyarorsz\u00e1gi zsid\u00f3s\u00e1g az orsz\u00e1g v\u00e1ltoz\u00f3 gazdas\u00e1gi \u00e9s politikai helyzet\u00e9t\u0151l f\u00fcgg\u0151en r\u00e9szes\u00fclt az orsz\u00e1gos \u00e9s a helyi hatalom jobb vagy rosszabb b\u00e1n\u00e1sm\u00f3dj\u00e1ban. A felvil\u00e1gosod\u00e1sig az eur\u00f3pai t\u00e1rsadalmat \u00e1thatotta a vall\u00e1sos, kereszt\u00e9ny szeml\u00e9let, ahol a zsid\u00f3k jobb\u00e1ra csak megt\u0171rt szem\u00e9lyek voltak. Az orsz\u00e1gb\u00f3l, illetve lak\u00f3hely\u00fckr\u0151l id\u0151r\u0151l \u2013 id\u0151re [&hellip;]<\/p>\n","protected":false},"author":1,"featured_media":0,"parent":0,"menu_order":0,"comment_status":"closed","ping_status":"closed","template":"page-templates\/full-width-page.php","meta":{"footnotes":""},"class_list":["post-771","page","type-page","status-publish","hentry"],"_links":{"self":[{"href":"https:\/\/hevesmemorial.hu\/index.php?rest_route=\/wp\/v2\/pages\/771","targetHints":{"allow":["GET"]}}],"collection":[{"href":"https:\/\/hevesmemorial.hu\/index.php?rest_route=\/wp\/v2\/pages"}],"about":[{"href":"https:\/\/hevesmemorial.hu\/index.php?rest_route=\/wp\/v2\/types\/page"}],"author":[{"embeddable":true,"href":"https:\/\/hevesmemorial.hu\/index.php?rest_route=\/wp\/v2\/users\/1"}],"replies":[{"embeddable":true,"href":"https:\/\/hevesmemorial.hu\/index.php?rest_route=%2Fwp%2Fv2%2Fcomments&post=771"}],"version-history":[{"count":11,"href":"https:\/\/hevesmemorial.hu\/index.php?rest_route=\/wp\/v2\/pages\/771\/revisions"}],"predecessor-version":[{"id":2415,"href":"https:\/\/hevesmemorial.hu\/index.php?rest_route=\/wp\/v2\/pages\/771\/revisions\/2415"}],"wp:attachment":[{"href":"https:\/\/hevesmemorial.hu\/index.php?rest_route=%2Fwp%2Fv2%2Fmedia&parent=771"}],"curies":[{"name":"wp","href":"https:\/\/api.w.org\/{rel}","templated":true}]}}