{"id":773,"date":"2022-02-27T06:51:32","date_gmt":"2022-02-27T06:51:32","guid":{"rendered":"https:\/\/hevesmemorial.hu\/?page_id=773"},"modified":"2022-05-28T17:15:14","modified_gmt":"2022-05-28T17:15:14","slug":"a-19-szazad-elso-fele","status":"publish","type":"page","link":"https:\/\/hevesmemorial.hu\/?page_id=773","title":{"rendered":"A 19. SZ\u00c1ZAD ELS\u0150 FELE"},"content":{"rendered":"<div data-colibri-id=\"773-c1\" class=\"style-823 style-local-773-c1 position-relative\">\n  <!---->\n  <div data-colibri-component=\"section\" data-colibri-id=\"773-c10\" id=\"custom\" class=\"h-section h-section-global-spacing d-flex align-items-lg-center align-items-md-center align-items-center style-836 style-local-773-c10 position-relative\">\n    <!---->\n    <!---->\n    <div class=\"h-section-grid-container h-section-boxed-container\">\n      <!---->\n      <div data-colibri-id=\"773-c11\" class=\"h-row-container gutters-row-lg-2 gutters-row-md-2 gutters-row-0 gutters-row-v-lg-2 gutters-row-v-md-2 gutters-row-v-2 style-839 style-local-773-c11 position-relative\">\n        <!---->\n        <div class=\"h-row justify-content-lg-center justify-content-md-center justify-content-center align-items-lg-stretch align-items-md-stretch align-items-stretch gutters-col-lg-2 gutters-col-md-2 gutters-col-0 gutters-col-v-lg-2 gutters-col-v-md-2 gutters-col-v-2\">\n          <!---->\n          <div class=\"h-column h-column-container d-flex h-col-lg-auto h-col-md-auto h-col-auto style-840-outer style-local-773-c12-outer\">\n            <div data-colibri-id=\"773-c12\" class=\"d-flex h-flex-basis h-column__inner h-px-lg-2 h-px-md-2 h-px-2 v-inner-lg-2 v-inner-md-2 v-inner-2 style-840 style-local-773-c12 position-relative\">\n              <!---->\n              <!---->\n              <div class=\"w-100 h-y-container h-column__content h-column__v-align flex-basis-100 align-self-lg-start align-self-md-start align-self-start\">\n                <!---->\n                <div data-colibri-id=\"773-c13\" class=\"h-text h-text-component style-841 style-local-773-c13 justified position-relative h-element\">\n                  <!---->\n                  <!---->\n                  <div class=\"\">\n                    <p><span style=\"font-weight: 700;\">A 19. sz\u00e1zad els\u0151 fele<\/span><\/p>\n                    <p>&nbsp; &nbsp;A 19. sz\u00e1zad a magyarorsz\u00e1gi zsid\u00f3s\u00e1g sz\u00e1m\u00e1ra is alapvet\u0151 \u00e1talakul\u00e1st jelent\u0151 id\u0151szak. A sz\u00e1zad elej\u00e9n a k\u00e9s\u0151bbi t\u00e1rsadalmi beilleszked\u00e9s gazdas\u00e1gi alapjait a nap\u00f3leoni h\u00e1bor\u00fak konjunkt\u00far\u00e1ja vetette meg, amely a vid\u00e9ki\n                      f\u00f6ldbirtokosokkal val\u00f3 bizonyos sz\u00f6vets\u00e9gk\u00f6t\u00e9st is jelentett. Ezt a sz\u00f6vets\u00e9get tett\u00e9k szorosabb\u00e1 a reformkor t\u00f6rekv\u00e9sei, amikor a liber\u00e1lis nemess\u00e9g legjobbjai megpr\u00f3b\u00e1lt\u00e1k kiharcolni a zsid\u00f3s\u00e1g egyenjog\u00fas\u00edt\u00e1s\u00e1t is, ami azonban\n                      csak a kiegyez\u00e9s ut\u00e1n siker\u00fclt, illetve vall\u00e1si tekintetben csak a sz\u00e1zad v\u00e9g\u00e9re lett teljes.\n                      <br>&nbsp; &nbsp;Legkor\u00e1bban, mint l\u00e1ttuk, a megye f\u00f6ldesurai engedt\u00e9k meg birtokaikon zsid\u00f3k leteleped\u00e9s\u00e9t. A Magyar zsid\u00f3 lexikon az 1827\/28-as \u00f6ssze\u00edr\u00e1s alapj\u00e1n k\u00f6z\u00f6lte azokat a helyis\u00e9geket \u00e9s birtokokat, ahol legal\u00e1bb sz\u00e1z f\u0151 lakott:\n                      \u201eHeves megye: Gy\u00f6ngy\u00f6s: Esterh\u00e1zy, Grassalkovich, Forg\u00e1cs, Wimpffen&nbsp;birtok; P\u00e1szt\u00f3: Draskovich, Gy\u00fcrky S\u00e1ndorn\u00e9&nbsp;birtoka, Heves: Szap\u00e1ry, Szepessy, Bern\u00e1th&nbsp;birtok; Verpel\u00e9t: Szt\u00e1ray, Gosztonyi, B\u00e1rczy&nbsp;birtok; Tiszaf\u00fcred:\n                      Pankotay, Gyulay, Farkas&nbsp;birtok; D\u00e9vav\u00e1nya: Baldachy, Ocskay, Orczy&nbsp;birtok; Tiszabe\u0151, Tiszaigar, Cs\u00e9pa: k\u00f6zbirtokosok.\u201d [1] Az e birtokokon el\u0151 zsid\u00f3k int\u00e9zt\u00e9k a nagybirtokok term\u00e9nyeinek bizom\u00e1nyba v\u00e9tel\u00e9t \u00e9s forgalmaz\u00e1s\u00e1t,\n                      \u00e9lvezt\u00e9k a f\u0151nemesi szolg\u00e1l\u00f3n\u00e9pnek kij\u00e1r\u00f3 kedvezm\u00e9nyeket.&nbsp;&nbsp;&nbsp;&nbsp;&nbsp;&nbsp;&nbsp;&nbsp;&nbsp;&nbsp;&nbsp;&nbsp;&nbsp;&nbsp;&nbsp;&nbsp;&nbsp;&nbsp;&nbsp;&nbsp;&nbsp;&nbsp;&nbsp;&nbsp;&nbsp;&nbsp;&nbsp;&nbsp;&nbsp;&nbsp;&nbsp;&nbsp;&nbsp;&nbsp;&nbsp;&nbsp;&nbsp;&nbsp;&nbsp;&nbsp;&nbsp;&nbsp;&nbsp;&nbsp;&nbsp;&nbsp;&nbsp;&nbsp;&nbsp;&nbsp;&nbsp;&nbsp;&nbsp;&nbsp;&nbsp;&nbsp;&nbsp;&nbsp;&nbsp;&nbsp;&nbsp;&nbsp;&nbsp;&nbsp;&nbsp;&nbsp;&nbsp;&nbsp;&nbsp;&nbsp;&nbsp;&nbsp;&nbsp;&nbsp;&nbsp;&nbsp;&nbsp;&nbsp;&nbsp;&nbsp;&nbsp;&nbsp;&nbsp;&nbsp;&nbsp;&nbsp;&nbsp;&nbsp;&nbsp;&nbsp;&nbsp;&nbsp;&nbsp;&nbsp;&nbsp;\n                      <br>&nbsp; &nbsp;Az Orczy csal\u00e1d gy\u00f6ngy\u00f6si egzisztenci\u00e1ja, j\u00f6vedelme j\u00f3r\u00e9szt a zsid\u00f3k kezel\u00e9s\u00e9be adott kisebb kir\u00e1lyi haszonv\u00e9telekb\u0151l sz\u00e1rmazott. 1820-ban \u201eA gy\u00f6ngy\u00f6si j\u00f6vedelem k\u00f6zel fel\u00e9t a H\u00e1rom R\u00f3zsa fogad\u00f3t\u00f3l beszedett \u00e9vi 500\n                      frt, a Reinbrecht Antal, Stadermann Mih\u00e1ly, Gr\u00fcnwald J\u00f3zsef, L\u00e1z\u00e1r Salamon&nbsp;\u00e9s Grajner Lajos&nbsp;boltosokt\u00f3l befoly\u00f3 1392 frt, \u00e9s Braun Ign\u00e1ct\u00f3l az als\u00f3 serh\u00e1zb\u00f3l befizetett 450 frt tette ki.\u201d[2]\n                      <br>&nbsp; &nbsp;Az egyes telep\u00fcl\u00e9sek tan\u00e1csa csak az el\u0151z\u0151 lak\u00f3helyr\u0151l hozott bizony\u00edtv\u00e1nyok bemutat\u00e1sa, \u00e9s bizonyos, v\u00e1ltoz\u00f3 nagys\u00e1g\u00fa p\u00e9nz\u00f6sszeg lefizet\u00e9se ellen\u00e9ben engedte meg a leteleped\u00e9st.1801-ben a nagyv\u00e1radi sz\u00fclet\u00e9s\u0171 D\u00e1vid\n                      zsid\u00f3&nbsp;Verpel\u00e9tr\u0151l akart Gy\u00f6ngy\u00f6sre k\u00f6lt\u00f6zni, de a v\u00e1ros elutas\u00edtotta, mert hiteles igazolv\u00e1nya nem volt.[3] 1805-ben Gerzson Koppel&nbsp;j\u00f3 bizony\u00edtv\u00e1nyokkal, letelepedhetett.[4] 1800-ban a V\u00e1rosi Tan\u00e1cs tiltja a zsid\u00f3knak a\n                      heti v\u00e1s\u00e1rokon val\u00f3 \u00e1rul\u00e1st, csak orsz\u00e1gos v\u00e1s\u00e1rokon \u00e1rulhatnak \u00e9s a h\u00e1zal\u00e1st engedt\u00e9k meg, de mint el\u0151tte \u00e9s ut\u00e1na is t\u00f6bb m\u00e1s rendelet, ez sem teljes\u00fclt. 1803-ban a&nbsp;v\u00e1s\u00e1rb\u00edr\u00f3 jegyz\u00e9ket k\u00e9sz\u00edtett a h\u00e1zal\u00f3 t\u00f3tokr\u00f3l \u00e9s zsid\u00f3kr\u00f3l,\n                      amiben fel volt t\u00fcntetve, hogy hol, mennyi\u00e9rt, \u00e9s mit \u00e1rulhatnak. M\u00e9g ugyanebben az \u00e9vben a v\u00e1s\u00e1rb\u00edr\u00f3 t\u00f6bbek k\u00f6z\u00f6tt \u201e&#8230; az h\u00e1zr\u00fal h\u00e1zra j\u00e1r\u00f3 zsid\u00f3k, t\u00f3tok, \u00e9s m\u00e1s egy\u00e9b \u00e1rul\u00f3k er\u00e1nt Protocollum tartasson, hogy kinek meddig \u00e9s mekkora\n                      taxa mellett engedtetik meg az \u00e1rul\u00e1s.\u201d[5] Ez \u00e9vben Wolf Izrael&nbsp;p\u00e1szt\u00f3i, Deutsch J\u00f3zsef, Izs\u00e1k Jakab, Hersli D\u00e1vid, Hertz \u00c1brah\u00e1m&nbsp;asz\u00f3di \u00e9s \u00c1brah\u00e1m Izrael&nbsp;p\u00e9terv\u00e1s\u00e1rai zsid\u00f3k kaptak v\u00e1s\u00e1ri helyet a tan\u00e1cst\u00f3l, \u00e9vi 8\n                      Ft taksa mellett.\n                      <br>&nbsp; &nbsp;Am\u00edg a kor\u00e1bbi gy\u00f6ngy\u00f6si jegyz\u0151k\u00f6nyvek a kereszt\u00e9ny lakoss\u00e1g gazdas\u00e1gi harc\u00e1t mutatj\u00e1k a betelepedni k\u00edv\u00e1n\u00f3 zsid\u00f3k ellen, addig a 19. sz\u00e1zad elej\u00e9n a m\u00e1r letelepedett \u00e9s boltot nyitott zsid\u00f3k k\u00e9rik, hogy a v\u00e1rosi tan\u00e1cs\n                      l\u00e9pjen fel a befurakod\u00f3 zsid\u00f3k ellen. 1805. m\u00e1jus 11-\u00e9n a tan\u00e1cs \u00fcl\u00e9sen \u201e&#8230;v\u00e1rosunkb\u00e9li zsid\u00f3k azon panaszkodv\u00e1n az Nemes Tan\u00e1cs el\u0151tt, hogy a H\u00e9ti v\u00e1s\u00e1rok alkalmatoss\u00e1g\u00e1val az \u0151 nyilv\u00e1n val\u00f3 k\u00e1rokra t\u00f6bb m\u00e1s idegeny zsid\u00f3 port\u00e9k\u00e1kkal\n                      ki rakodhatn\u00e1nak, mellyre determin\u00e1ltatott, hogy ezent\u00fal teljess\u00e9ggel semmi idegen zsid\u00f3nak az orsz\u00e1gos v\u00e1s\u00e1ron k\u00edv\u00fcl port\u00e9k\u00e1j\u00e1val ki rakodni \u00e9s s\u00e1tort \u00fclni nem l\u00e9v\u00e9n szabad.\u201d Ezt a rendeletet sem lehetett betartani, mivel h\u00e1rom\n                      \u00e9vvel k\u00e9s\u0151bb ism\u00e9t felmer\u00fclt a k\u00e9r\u00e9s: \u201e&#8230;mivel a j\u00f6vev\u00e9ny \u00e9s csavarg\u00f3 zsid\u00f3k az \u00fczleti \u00e9letben tetemes k\u00e1rt tesznek, k\u00f6z\u00e9rdek, hogy eredet\u00fcket, magaviselet\u00f6ket, vagyoni helyzet\u00fcket, el\u0151\u00e9let\u00fcket zsid\u00f3 el\u00f6lj\u00e1r\u00f3k vizsg\u00e1lj\u00e1k meg\u201d, &#8211;\n                      k\u00e9rik 1808. \u00e1prilis\u00e1ban.[6] 1814. \u00e1prilis\u00e1ban zsid\u00f3 boltosok k\u00e9rik, hogy vegy\u00e9k el a zsid\u00f3 \u00e9s m\u00e1s keresked\u0151kt\u0151l a s\u00e1torhelyeket. A gy\u00f6ngy\u00f6si nagysz\u00e1m\u00fa \u00e9s tekint\u00e9lyes k\u00f6z\u00f6ss\u00e9g fenn\u00e1ll\u00e1s\u00e1t az is bizony\u00edtja, hogy a gy\u00f6ngy\u00f6si zsid\u00f3b\u00edr\u00f3,\n                      Gy\u00f6ngy\u00f6st\u0151l Szolnokig, P\u00e9terv\u00e1s\u00e1ra, G\u00f6d\u00f6ll\u0151, Miskolc&nbsp;eg\u00e9sz vid\u00e9k\u00e9n a zsid\u00f3s\u00e1g legf\u0151bb b\u00edr\u00e1ja volt, kapcsolatot tartott a polg\u00e1ri hat\u00f3s\u00e1gok \u00e9s a zsid\u00f3s\u00e1g k\u00f6z\u00f6tt \u00e9s kisebb \u00fcgyekben \u0151 maga \u00edt\u00e9lkezett.[7]\n                      <br>&nbsp; &nbsp;1809-ben Gy\u00f6ngy\u00f6s v\u00e1rosnak 1619 ad\u00f3fizet\u0151 polg\u00e1ra k\u00f6z\u00fcl 21 volt zsid\u00f3: Schweizer \u00c1brah\u00e1m, Braun Izs\u00e1k, \u00c1brah\u00e1m Jakab, M\u00e1rtony Mojzes, Kun L\u0151bl, Weiser Leopold, Poly\u00e1k Mojzes, Lury S\u00e1mson, Riz Mojzes, L\u00e9vi D\u00e1vid, Hereschl\n                      Herman, Schweizer L\u00e1z\u00e1r, Kiremberger D\u00e1vid, L\u0151bl D\u00e1vid, L\u00e9vi \u00c1ron, Pink\u00e1sz Salamon, Trepper \u00c1ron, Salamon \u00c9li\u00e1s, Schwartz Jakab, Baruch Tadei, Weisz D\u00e1vid.[8] Ebben az id\u0151szakban m\u00e1r egyre t\u00f6bb zsid\u00f3 \u00e1ll\u00edtott s\u00e1trat a hetiv\u00e1s\u00e1rokon.\n                      1812-ben Szvoratko Gy\u00f6rgy&nbsp;v\u00e1s\u00e1rb\u00edr\u00f3n\u00e1l Pekker (Bekker) \u00c1d\u00e1m, Kun D\u00e1vid, Salamon L\u00e9vi, Salamon Pink\u00e1sz, 25-25 Ft, Poly\u00e1k M\u00f3zes, Braun Jakab, \u00c1ron L\u00e9vi&nbsp;\u00e9s Jakab 15-15, L\u00e9vi D\u00e1vid&nbsp;10 Ft taks\u00e1t fizetett s\u00e1tor \u00e1ll\u00edt\u00e1s\u00e1\u00e9rt\n                      \u00e9s fenntart\u00e1s\u00e1\u00e9rt. [9] A k\u00f6vetkez\u0151 k\u00e9t epiz\u00f3d ism\u00e9t a kereszt\u00e9nyek, \u00e9s a m\u00e1r egy ideje ugyan Gy\u00f6ngy\u00f6s\u00f6n \u00e9l\u0151, de m\u00e9gis idegennek tekintett zsid\u00f3k k\u00f6z\u00f6tti gazdas\u00e1gi harc kapcs\u00e1n kirobbant konfliktus j\u00f3l r\u00e1vil\u00e1g\u00edt a beilleszked\u00e9s neh\u00e9zs\u00e9geire.<\/p>\n                  <\/div>\n                <\/div>\n                <div data-colibri-id=\"773-c14\" class=\"h-text h-text-component style-1299 style-local-773-c14 position-relative h-element\">\n                  <!---->\n                  <!---->\n                  <div class=\"\">\n                    <p>[1]&nbsp;Magyar zsid\u00f3 lexikon. 1929.&nbsp;1005 l.\n                      <br>[2]&nbsp;B. G\u00e1l Edit. 1992. id\u00e9zi Horv\u00e1th L\u00e1szl\u00f3. 1999. 11 l.\n                      <br>[3]&nbsp;HML.GYVL.V-101\/a. Gy\u00f6ngy\u00f6s V\u00e1ros Jegyz\u0151k\u00f6nyve. IX. k\u00f6tet.&nbsp;285 l.\n                      <br>[4]&nbsp;Az 1848-as \u00f6ssze\u00edr\u00e1s szerint a v\u00e1rosban \u00e9vtizedeken kereszt\u00fcl \u00e9ltek enged\u00e9ly n\u00e9lk\u00fcl zsid\u00f3k, akik a leteleped\u00e9s \u00f6sszeg\u00e9t nem tudt\u00e1k kifizetni, vagy \u00e9ppen f\u00e9ltek az enged\u00e9ly k\u00e9r\u00e9s elutas\u00edt\u00e1s\u00e1t\u00f3l\n                      <br>[5]&nbsp;A v\u00e1rosi jegyz\u0151k\u00f6nyv alapj\u00e1n id\u00e9zi&nbsp;Gy\u00f6ngy\u00f6s v\u00e1ros becs\u00fcletes tan\u00e1csa elhat\u00e1rozta&#8230; 1659-1848.&nbsp;Eger, 1984, Heves megyei Lev\u00e9lt\u00e1r. 223 l.\n                      <br>[6]&nbsp;HML.GYVL.V-101\/a. Gy\u00f6ngy\u00f6s V\u00e1ros Jegyz\u0151k\u00f6nyve. X. 28-29 l.\n                      <br>[7]&nbsp;Vajda Antal id\u00e9zett m\u0171ve alapj\u00e1n k\u00f6zli Bach\u00f3 L\u00e1szl\u00f3. 20 l.\n                      <br>[8]&nbsp;HML.GYVL.V-101\/a. Gy\u00f6ngy\u00f6s V\u00e1ros Jegyz\u0151k\u00f6nyve. CXVI. 7 l.\n                      <br>[9]&nbsp;HML.GYVL.V-101\/a. Gy\u00f6ngy\u00f6s V\u00e1ros Jegyz\u0151k\u00f6nyve. X. 19 l.<\/p>\n                  <\/div>\n                <\/div>\n                <div data-colibri-id=\"773-c15\" class=\"h-row-container gutters-row-lg-2 gutters-row-md-2 gutters-row-0 gutters-row-v-lg-2 gutters-row-v-md-2 gutters-row-v-2 style-1544 style-local-773-c15 position-relative\">\n                  <!---->\n                  <div class=\"h-row justify-content-lg-center justify-content-md-center justify-content-center align-items-lg-stretch align-items-md-stretch align-items-stretch gutters-col-lg-2 gutters-col-md-2 gutters-col-0 gutters-col-v-lg-2 gutters-col-v-md-2 gutters-col-v-2\">\n                    <!---->\n                    <div class=\"h-column h-column-container d-flex h-col-lg-auto h-col-md-auto h-col-auto style-1545-outer style-local-773-c16-outer\">\n                      <div data-colibri-id=\"773-c16\" class=\"d-flex h-flex-basis h-column__inner h-px-lg-2 h-px-md-2 h-px-2 v-inner-lg-2 v-inner-md-2 v-inner-2 style-1545 style-local-773-c16 position-relative\">\n                        <!---->\n                        <!---->\n                        <div class=\"w-100 h-y-container h-column__content h-column__v-align flex-basis-100 align-self-lg-center align-self-md-center align-self-center\">\n                          <!---->\n                          <div data-colibri-id=\"773-c17\" class=\"d-block style-1547 style-local-773-c17 position-relative h-element\">\n                            <!---->\n                            <div class=\"h-image__frame-container-outer\">\n                              <div class=\"h-image__frame-container\">\n                                <!---->\n                                <!---->\n                                <img loading=\"lazy\" decoding=\"async\" width=\"254\" height=\"393\" src=\"http:\/\/hevesmemorial.hu\/wp-content\/uploads\/2022\/02\/19.sz_..png\" class=\"wp-image-882 style-1547-image style-local-773-c17-image\" alt=\"\" srcset=\"https:\/\/hevesmemorial.hu\/wp-content\/uploads\/2022\/02\/19.sz_..png 254w, https:\/\/hevesmemorial.hu\/wp-content\/uploads\/2022\/02\/19.sz_.-194x300.png 194w\" sizes=\"auto, (max-width: 254px) 100vw, 254px\" \/>\n                                <div class=\"h-image__frame h-hide-lg h-hide-md h-hide-sm style-1547-frameImage style-local-773-c17-frameImage\"><\/div>\n                              <\/div>\n                            <\/div>\n                          <\/div>\n                        <\/div>\n                      <\/div>\n                    <\/div>\n                    <div class=\"h-column h-column-container d-flex h-col-lg-auto h-col-md-auto h-col-auto style-1546-outer style-local-773-c18-outer\">\n                      <div data-colibri-id=\"773-c18\" class=\"d-flex h-flex-basis h-column__inner h-px-lg-2 h-px-md-2 h-px-2 v-inner-lg-2 v-inner-md-2 v-inner-2 style-1546 style-local-773-c18 position-relative\">\n                        <!---->\n                        <!---->\n                        <div class=\"w-100 h-y-container h-column__content h-column__v-align flex-basis-100 align-self-lg-start align-self-md-start align-self-start\">\n                          <!---->\n                          <div data-colibri-id=\"773-c19\" class=\"h-text h-text-component style-1548 style-local-773-c19 justified position-relative h-element\">\n                            <!---->\n                            <!---->\n                            <div class=\"\">\n                              <p>1812. febru\u00e1r 18:&nbsp;zsid\u00f3 keresked\u0151k k\u00e9relmet int\u00e9ztek a Tan\u00e1cshoz, s orsz\u00e1gos v\u00e1s\u00e1rok idej\u00e9n s\u00e1torhelyek megfizet\u00e9se al\u00f3l mentes\u00edt\u00e9st k\u00e9rnek. Indokl\u00e1sul el\u0151adt\u00e1k, hogy Gy\u00f6ngy\u00f6s\u00f6n h\u00e1zakat \u00e9s boltokat b\u00edrnak a f\u00f6ldesurakt\u00f3l,\n                                azok ut\u00e1n ad\u00f3t fizetnek, a t\u00f6bbi gy\u00f6ngy\u00f6si lakossal teh\u00e1t egyenjog\u00faak. A Tan\u00e1cs elutas\u00edt\u00f3 v\u00e1laszt adott, mivel a kir\u00e1lyi privil\u00e9giumot a v\u00e1ros \u0151slakoss\u00e1ga \u00e9s nem idegen nemzet kapta, legkev\u00e9sb\u00e9 pedig a zsid\u00f3k, akik ebben\n                                az orsz\u00e1gban polg\u00e1rjoggal nem is b\u00edrnak, hanem csak itt lak\u00e1sukat t\u0171rik meg an\u00e9lk\u00fcl, hogy privil\u00e9giumi jogokban r\u00e9szes\u00edten\u00e9k \u0151ket, az igazs\u00e1g:&nbsp;\u201e&#8230;hogy mint idegen j\u00f6vev\u00e9nyeknek tekintetv\u00e9n mind a Piartzon a heti v\u00e1s\u00e1rokban,\n                                mind k\u00edv\u00fcl az orsz\u00e1gos v\u00e1s\u00e1rokban az engedett helyekt\u0171l a meg hat\u00e1rozott helyp\u00e9nzt fizess\u00e9k.&#8221;[1]&nbsp;1812. m\u00e1rcius 7.-\u00e9n Tornai J\u00e1nos&nbsp;gy\u00f6ngy\u00f6si keresked\u0151 \u00e1lland\u00f3 deszkas\u00e1tort akart \u00e1ll\u00edttatni a heti piacon. A V\u00e1rosi\n                                Tan\u00e1cs bizotts\u00e1got \u00e1ll\u00edtott fel, amely azt a hat\u00e1rozatot hozta, hogy az \u00e1lland\u00f3 helyr\u0151l a k\u00e9t els\u0151 nagyobb \u00e9s egy kisebb s\u00e1trat le kell bontaniuk a zsid\u00f3 keresked\u0151knek, hogy m\u00e1s helyre \u00e1ll\u00edts\u00e1k.&nbsp;\u201eTornai J\u00e1nos, pedig\n                                mint hazafi&#8230;&#8221; a zsid\u00f3 s\u00e1trak hely\u00e9n \u00fcsse fel a maga deszkab\u00f3d\u00e9j\u00e1t,&nbsp;\u201e..mivel mint hazafinak m\u00e1s idegen nemzetb\u00e9liek el\u0151tt az els\u0151s\u00e9gre n\u00e9zve igaz jussa vagyon.\u201d[2]<\/p>\n                            <\/div>\n                          <\/div>\n                        <\/div>\n                      <\/div>\n                    <\/div>\n                  <\/div>\n                <\/div>\n                <div data-colibri-id=\"773-c20\" class=\"h-text h-text-component style-843 style-local-773-c20 justified position-relative h-element\">\n                  <!---->\n                  <!---->\n                  <div class=\"\">\n                    <p>&nbsp; &nbsp;1812. \u00e1prilis\u00e1ban a zsid\u00f3 keresked\u0151k a szolgab\u00edr\u00f3hoz beadott k\u00e9relemben azt \u00edrt\u00e1k, hogy a Gy\u00f6ngy\u00f6s\u00f6n r\u00e9g\u00f3ta lak\u00f3 zsid\u00f3k csak vall\u00e1sukban k\u00fcl\u00f6nb\u00f6znek a lakoss\u00e1g t\u00f6bbi r\u00e9sz\u00e9t\u0151l, s a terhekben egyenl\u0151en vesznek r\u00e9szt. Egyszer\u0171en\n                      hitfelekezetnek nyilv\u00e1n\u00edtott\u00e1k magukat, k\u00e9rt\u00e9k, hogy a jogokban is egyel\u0151en r\u00e9szesedjenek; az el\u0151z\u0151 tan\u00e1csi k\u00e9relem elutas\u00edt\u00e1s\u00e1nak indokl\u00e1s\u00e1t jogtalannak \u00e9s t\u00fcrelmetlennek tartott\u00e1k. [3]&nbsp;&nbsp;&nbsp;Az 1812. \u00e1prilis 10.-i hat\u00e1rozat\n                      visszautal arra, hogy 1808. janu\u00e1r 23. a Tan\u00e1cs \u00edr\u00e1sban megengedte a zsid\u00f3knak deszkas\u00e1tor emel\u00e9s\u00e9t, azzal a felt\u00e9tellel, hogy \u201e&#8230;a k\u00f6zj\u00f3nak k\u00f6rny\u00fcl \u00e1ll\u00e1saira n\u00e9zve, ha v\u00e1ltoz\u00e1s t\u00f6rt\u00e9nne, azokat onnand el&nbsp;mozd\u00edtani k\u00f6telesek\n                      \u00e9s a mellett a&#8217; meghat\u00e1rozott helyp\u00e9nzt \u00e9s v\u00e1s\u00e1rok alkalmatoss\u00e1g\u00e1val tartoznak fizetni&#8230;&#8221;&nbsp;&nbsp;Tornai J\u00e1nost, mint \u0151slak\u00f3t az \u201eIgazs\u00e1gnak juss\u00e1n els\u0151bbs\u00e9gben r\u00e9szes\u00edtette \u00e9s megengedte, hogy s\u00e1tr\u00e1t a kijel\u00f6lt helyen \u00e9p\u00edttethesse\n                      fel&#8230;.a Zsid\u00f3k pedig, mint idegen nemzetb\u00e9lik tekintetv\u00e9n, ne hogy magoknak a&#8217; v\u00e1s\u00e1ri Privil\u00e9giumban Just praetend\u00e1lhassanak, \u00e9s a&#8217; Publicumnak v\u00e9lek t\u00f6bb&#8217;s t\u00f6bb nyughatatlans\u00e1gai t\u00f6rt\u00e9nnyenek&#8230;&#8221;&nbsp;A Tan\u00e1cs a zsid\u00f3k s\u00e1trait\n                      megbecs\u00fcltette, a v\u00e1ros jav\u00e1ra lefoglaltattt, s kimondotta, hogy a j\u00f6v\u0151ben semmi sz\u00edn alatt deszkas\u00e1trat nem emelhetnek. A Tan\u00e1cs a zsid\u00f3knak a k\u00e9rv\u00e9nyben haszn\u00e1lt kifejez\u00e9s\u00e9\u00e9rt, hogy el\u0151bbi v\u00e9gz\u00e9s\u00e9t embertelennek \u00e9s t\u00f6rv\u00e9nytelennek\n                      nyilv\u00e1n\u00edtotta, el\u00e9gt\u00e9telt k\u00f6vetelt.\n                      <br>&nbsp; &nbsp;A Tan\u00e1cs d\u00f6nt\u00e9s\u00e9b\u0151l kider\u00fcl, hogy idegennek tekintett\u00e9k a zsid\u00f3kat, konkurenci\u00e1nak. Kereskedtek vel\u00fck, de nem ismert\u00e9k egym\u00e1st, k\u00fcl\u00f6n\u00e1ll\u00f3nak tekintett\u00e9k \u0151ket, pedig ekkor m\u00e1r legal\u00e1bb h\u00e1rom-n\u00e9gysz\u00e1z \u00e9ve, t\u00f6bb-kevesebb\n                      sz\u00fcnettel egy\u00fctt \u00e9ltek vel\u00fck. Val\u00f3sz\u00edn\u0171leg f\u00f6ldes\u00fari nyom\u00e1sra 1812. m\u00e1jus 16.-t\u00f3l 1813. m\u00e1jus 24-ig ism\u00e9t megengedik a zsid\u00f3k sz\u00e1m\u00e1ra deszkas\u00e1trak \u00e9p\u00edt\u00e9s\u00e9t. Az 1816. \u00e1prilis 18.-i f\u00f6ldes\u00fari \u00e9rtekezleten: \u201e&#8230; a Zsidokk \u00e9s Idegenek\n                      minden az illet\u0151 Politikai Fels\u0151s\u00e9gnek leend\u0151 jelent\u00e9s n\u00e9lk\u00fcl val\u00f3 leteleped\u00e9sek miatt sok rendetlens\u00e9gek esnek, a Zsid\u00f3k \u00e9s egy\u00e9b j\u00f6vev\u00e9nyek befogad\u00e1s\u00e1ra n\u00e9zve meger\u0151s\u00edtette az ez ir\u00e1nt m\u00e1r ez el\u0151tt tett Rendel\u00e9sei a M\u00e9lt\u00f3s\u00e1gos\n                      F\u00f6ldes Uras\u00e1goknak \u00fagy az 1790-ik esztendei 38-ik T\u00f6rv\u00e9ny czikkeknek.&#8221; A nap\u00f3leoni h\u00e1bor\u00fak&nbsp;idej\u00e9n el\u0151\u00e1ll\u00f3 gabonakonjunkt\u00fara kihaszn\u00e1l\u00e1s\u00e1ban nagy szerepe volt a f\u00f6ldes\u00fari birtokokon \u00e9l\u0151 zsid\u00f3 term\u00e9nykeresked\u0151knek. Val\u00f3sz\u00edn\u0171leg\n                      ezt akarv\u00e1n nekik megh\u00e1l\u00e1lni a gy\u00f6ngy\u00f6si f\u00f6ldbirtokosok megadt\u00e1k a v\u00e1rosban, birtokaikon az ingatlanszerz\u00e9s jog\u00e1t a helybeli zsid\u00f3knak, ez 1840-ig az orsz\u00e1gban ritkas\u00e1gnak sz\u00e1m\u00edtott. Gy\u00f6ngy\u00f6s&nbsp;v\u00e1ros el\u0151j\u00e1r\u00f3s\u00e1g\u00e1nak nem tetszett\n                      ez az enged\u00e9ly. 1820. IV. 24.-\u00e9n a v\u00e1rmegye \u00e9p\u00edt\u0151sz\u00e9k\u00e9nek az el\u0151j\u00e1r\u00f3s\u00e1g panaszlevelet k\u00fcld\u00f6tt; egyre t\u00f6bb zsid\u00f3 lakos fundusokat (telkeket) szerez, h\u00e1z\u00e9p\u00edt\u00e9s c\u00e9lj\u00e1b\u00f3l. A zsid\u00f3k v\u00e9delm\u00e9ben az 1790. 37. tc.-re hivatkozott a v\u00e1rmegye.\n                      A 19. sz\u00e1zad els\u0151 negyed\u00e9ben m\u00e1r gyakori volt, hogy elad\u00f3sodott nemesi ingatlanokat szereztek meg. 1829-ben Stern \u00c1brah\u00e1m&nbsp;megv\u00e1s\u00e1rolta Krusek Mih\u00e1ly&nbsp;h\u00e1z\u00e1t, a nemes K\u00fcrthy csal\u00e1d tagjai a Solymos utc\u00e1ban l\u00e9v\u0151 \u00fari h\u00e1zukat\n                      \u00e9s telk\u00fcket 32 esztend\u0151re Vajzer Katalinnak&nbsp;\u00e9s csal\u00e1dj\u00e1nak z\u00e1logba bocs\u00e1tott\u00e1k 4000 Ft-\u00e9rt. Gr\u00f3f Forg\u00e1ch J\u00f3zsef&nbsp;birtok\u00e1n \u00e9lt az egyik legtekint\u00e9lyesebb, \u00e9s legvagyonosabb gy\u00f6ngy\u00f6si zsid\u00f3 keresked\u0151, Herschl Hermann. A f\u00f6ldes\u00farnak\n                      tett szolg\u00e1latait \u00e9rt\u00e9kelt\u00e9k, erre utal, hogy 1829-ben az int\u00e9z\u0151 n\u00e1la sz\u00e1llt meg, s\u0151t m\u00e9g az uradalom \u00farisz\u00e9k\u00e9t is a h\u00e1z\u00e1ban tartott\u00e1k meg, a v\u00e1ros erre az id\u0151re felmentette a katonatart\u00e1s k\u00f6telezetts\u00e9ge al\u00f3l.\n                      <br>&nbsp; &nbsp;Az 1827\/28-as regnicol\u00e1ris \u00f6ssze\u00edr\u00e1s alkalm\u00e1val Tiszaf\u00fcreden 14, Verpel\u00e9ten 7 zsid\u00f3 keresked\u0151t tal\u00e1ltak.[4]\n                      <br>&nbsp; &nbsp;1831-ben a koleraj\u00e1rv\u00e1ny idej\u00e9n Gy\u00f6ngy\u00f6s\u00f6n 40 zsid\u00f3 halt meg.[5] 1838-ban az akkor m\u00e1r tekint\u00e9lyes \u00e9s vagyonos, de jogtalan gy\u00f6ngy\u00f6si zsid\u00f3 polg\u00e1rok k\u00f6z\u00fcl alap\u00edtv\u00e1nyi k\u00f6zk\u00f3rh\u00e1z l\u00e9tes\u00edt\u00e9s\u00e9hez Hirschl Salamon, Sch\u0151nfeld\n                      M\u00f3zes&nbsp;adom\u00e1nyoz 100, ill. 150 Ft-ot, Hirschl Lip\u00f3t&nbsp;42, Sch\u00f6nfeld Moyzes&nbsp;63 Ft, Sch\u00f6nfeld L\u00e1z\u00e1r&nbsp;84 Ft-ot adott. A k\u00f6vetkez\u0151 \u00e9vben Hirschl Hermann&nbsp;100 Ft-tal, Hartmann Lip\u00f3t&nbsp;200 Ft-tal j\u00e1rult az \u00e9p\u00edtkez\u00e9shez.\n                      [6] 1838\/39-ben Gy\u00f6ngy\u00f6s 3.218 ad\u00f3fizet\u0151 polg\u00e1ra k\u00f6z\u00fcl m\u00e1r 136 volt zsid\u00f3, k\u00f6zt\u00fck mind\u00f6ssze 20 volt h\u00e1ztulajdonos; k\u00e9t \u00e9vvel k\u00e9s\u0151bb a 143 ad\u00f3fizet\u0151 k\u00f6z\u00fcl harmincheten rendelkeztek h\u00e1zzal, foglalkoz\u00e1sukb\u00f3l k\u00f6vetkez\u0151en a v\u00e1ros k\u00f6zpontj\u00e1ban.\n                      Sokan k\u00f6z\u00fcl\u00fck nemesek h\u00e1zaiban pl. a Luby, Grassalkovich&nbsp;csal\u00e1dok tulajdon\u00e1ban l\u00e9v\u0151 h\u00e1zakban laktak. Hogy ez a nemesek sz\u00e1m\u00e1ra igen j\u00f3 \u00fczlet volt, azt az egri adatok j\u00f3l t\u00fckr\u00f6zik, ahol t\u00f6bbnyire igen magas lakb\u00e9rt fizettek,\n                      val\u00f3sz\u00edn\u0171leg \u00edgy volt ez Gy\u00f6ngy\u00f6s\u00f6n is. Sokan laktak f\u00f6ldes\u00fari telkeken, p\u00e9ld\u00e1ul gr\u00f3f Forg\u00e1ch J\u00f3zsef, vagy Eszterh\u00e1zy herceg&nbsp;telk\u00e9n.[7]\n                      <br>&nbsp; &nbsp;A zsid\u00f3k le\u00edr\u00e1sa, a le\u00edr\u00f3 \u00e9rt\u00e9k\u00edt\u00e9lete t\u00f6bb dologt\u00f3l f\u00fcgg\u00f6tt, a saj\u00e1t szem\u00e9lyes attit\u0171dj\u00e9n k\u00edv\u00fcl egyebek k\u00f6z\u00f6tt a kor gazdas\u00e1gi, politikai \u00e9rt\u00e9k\u00edt\u00e9let\u00e9t\u0151l is. 1837-ben m\u00e1r jav\u00e1ban folynak a reformkor politikai csat\u00e1roz\u00e1sai,\n                      a liber\u00e1lis politikusok, \u00e9s hat\u00e1sukra a v\u00e1rmegy\u00e9k is egyre jobban felismert\u00e9k a zsid\u00f3k gazdas\u00e1gi hasznoss\u00e1g\u00e1t, jogtalans\u00e1guk megsz\u00fcntet\u00e9s\u00e9nek s\u00fcrget\u0151 sz\u00fcks\u00e9gszer\u0171s\u00e9g\u00e9t. 1837-ben Tahy G\u00e1sp\u00e1r&nbsp;\u201eesmertette\u201d a kett\u0151s v\u00e1rmegy\u00e9t: \u201eMagyarorsz\u00e1gi\n                      v\u00e1rmegy\u00e9k kiterjed\u00e9seikhez k\u00e9pest hetedik 120 n\u00e9gyzetm\u00e9rf\u00f6lddel&#8230;. A megye \u00e9s fels\u0151 r\u00e9sz\u00e9nek lakosai magyarok \u00e9s pal\u00f3czok, n\u00e9mely mez\u0151v\u00e1rosokban n\u00e9met, t\u00f3t mesteremberek, \u00e9s izraelit\u00e1k lakj\u00e1k&#8230; Laknak a megy\u00e9ben sz\u00e1mos Izraelit\u00e1k\n                      is, a\u2019kik cs\u00e1rda, m\u00e9sz\u00e1rsz\u00e9k b\u00e9rl\u00e9ssel, doh\u00e1ny, gyapj\u00fa, gubacs, b\u0151r, r\u0151f\u00f6s keresked\u00e9ssel foglalatoskodnak: k\u00f6z\u00f6ns\u00e9gesen magyarul besz\u00e9lnek, sokaknak m\u00e9g az \u00f6lt\u00f6zete is magyar, azok ink\u00e1bb magyart, mint sem kereng\u0151t t\u00e1nczolnak.\u201d[8]\n                      Heves megye korabeli hozz\u00e1\u00e1ll\u00e1s\u00e1t t\u00fckr\u00f6zi az 56 \u00e9vvel k\u00e9s\u0151bb err\u0151l az id\u0151szakr\u00f3l \u00edrott visszatekint\u00e9s: \u201eAz 1840. p\u00fcnk\u00f6sdhava 13-\u00e1n berekesztett orsz\u00e1ggy\u0171l\u00e9sr\u0151l a j\u00fal. 22-\u00e9n tartott k\u00f6zgy\u0171l\u00e9sben mutatt\u00e1k be sz\u00e1mad\u00f3 jelent\u00e9s\u00f6ket a\n                      k\u00f6vetek. Elsorolj\u00e1k, hogy a kir\u00e1lyi v\u00e1laszok a magyar nyelv t\u00e1rgy\u00e1ban, az \u00f6r\u00f6kv\u00e1lts\u00e1gban, a v\u00e1lt\u00f3jogban stb., melyek sem a nemzet, sem a szabadelv\u0171s\u00e9g igazi \u00e9rdekeinek nem feleltek meg, a rendeket nem el\u00e9g\u00edthett\u00e9k ki&#8230;.A zsid\u00f3k\n                      ir\u00e1nt &#8211; a rendek \u00e1ltal felterjesztett javaslat, ha nem nyerte is meg \u0151 fels\u00e9ge j\u00f3v\u00e1hagy\u00e1s\u00e1t, de m\u00e9g is alkottatott oly t\u00f6rv\u00e9ny, melynek j\u00f3t\u00e9konys\u00e1ga a nemzetnek tov\u00e1bbi gondoskod\u00e1s\u00e1t rem\u00e9nyleni engedi.&#8221;[9] Az 1840: XX19. tc. alapj\u00e1n\n                      a Magyarorsz\u00e1gon sz\u00fcletett zsid\u00f3k megkapt\u00e1k a szabad keresked\u00e9s, a b\u00e1nyav\u00e1rosok kiv\u00e9tel\u00e9vel a szabad itt lak\u00e1s \u00e9s a saj\u00e1t vall\u00e1s\u00fa leg\u00e9nyekkel val\u00f3 mesters\u00e9g\u0171z\u00e9s folytat\u00e1s\u00e1nak lehet\u0151s\u00e9g\u00e9t.[10]\n                      <br>&nbsp; &nbsp;Egerben 1695-t\u0151l 1840-ig a Fenessy&nbsp;meg\u00e1llapod\u00e1snak megfelel\u0151en nem lakhattak zsid\u00f3k. Ennek ellen\u00e9re vannak sz\u00f3rv\u00e1nyos adataink 1840 el\u0151ttr\u0151l is egri zsid\u00f3kr\u00f3l. A Heves megyei Lev\u00e9lt\u00e1r zsid\u00f3 \u00f6ssze\u00edr\u00e1sai k\u00f6z\u00f6tt az\n                      1825. \u00e9vb\u0151l megtal\u00e1lhat\u00f3 n\u00e9h\u00e1ny egri zsid\u00f3 neve.[11] Itt is az Eger&nbsp;k\u00f6rny\u00e9ki telep\u00fcl\u00e9seken \u00e9ltek, \u00e9s onnan j\u00e1rtak be Egerbe \u00fcgyeiket int\u00e9zni. Fischer Simon&nbsp;1825 k\u00f6r\u00fcl k\u00e9rte a leteleped\u00e9si enged\u00e9lyt, amit Schwarcz N\u00e1ft\u00e1lival\n                      egy\u00fctt 1832-ben kapott meg, Pyrker \u00e9rsek&nbsp;aj\u00e1nlat\u00e1ra. Fischer szeszf\u0151z\u00e9ssel, Schwarcz b\u0151rcserz\u00e9ssel foglalkozott, val\u00f3sz\u00edn\u0171leg azonos lehetett az 1840-ben az els\u0151 hivatalos beteleped\u0151k\u00e9nt eml\u00edtett Schwartz Istv\u00e1nnal.[12] Pyrker\n                      \u00e9rsek, a&nbsp;v\u00e1ros f\u00f6ldesura engedte meg a t\u00f6rv\u00e9ny megjelen\u00e9se ut\u00e1n a zsid\u00f3k beteleped\u00e9s\u00e9t Egerbe. A m\u00e1r eml\u00edtett els\u0151 egri zsid\u00f3, Schwarcz Istv\u00e1n 1840. december\u00e9ben ny\u00fajtotta be a k\u00e9relmet a leteleped\u00e9sre az \u00e9rsekhez. \u0150 S\u00e1lyr\u00f3l\n                      j\u00f6tt, hamarosan testv\u00e9reit is mag\u00e1val hozta. A k\u00e9relemre a k\u00f6vetkez\u0151 v\u00e1laszt kapta: \u201eAz 1841 janu\u00e1r m\u00e1sodik\u00e1n a Nagym\u00e9lt\u00f3s\u00e1g\u00fa Egri Kett\u0151s Uras\u00e1g r\u00e9sz\u00e9r\u0151l Egerben tartott k\u00f6z\u00f6s Tan\u00e1cskoz\u00e1s Jegyz\u0151k\u00f6nyv\u00e9nek r\u00e9szes ki\u00edr\u00e1sa: Miut\u00e1n a\n                      folyamod\u00f3 Schwarcz Istv\u00e1n Sid\u00f3 folyamod\u00e1s\u00e1hoz csatolt oklevelekkel mindazt, hogy Tek. Ns. Borsod v\u00e1rmegy\u00e9be bekebelezett S\u00e1ly helys\u00e9gben sz\u00fcletett, mindazt, hogy becs\u00fcletes magaviselet\u0171, hitelesen beigazolta, 1840. \u00e9vi 29. T\u00f6rv\u00e9nycikkely\n                      \u00e9rtelm\u00e9ben az Eger v\u00e1rosa kebel\u00e9ben val\u00f3 lakhat\u00e1s nekiek megengedtetik s k\u00e9relemlevele a mell\u00e9 csatolt 6 db. bizonys\u00e1glevelekkel \u00f6sszesen 7 darabokban \u00c9rseki Eger V\u00e1ros B\u00edr\u00e1j\u00e1hoz \u00e9s Tan\u00e1cs\u00e1hoz \u00e1ltalt\u00e9tetni rendeltetik.&#8221;[13]\n                      <br>&nbsp; &nbsp;Az egri zsid\u00f3s\u00e1g 1840 ut\u00e1ni \u00e9let\u00e9re vonatkoz\u00f3an t\u00f6bb lev\u00e9lt\u00e1ri dokumentum is rendelkez\u00e9s\u00fcnkre \u00e1ll. A Heves megyei Lev\u00e9lt\u00e1rban megtal\u00e1lhat\u00f3 az a nagyalak\u00fa, kem\u00e9nyt\u00e1bl\u00e1j\u00fa k\u00f6nyv, amibe 1840 \u00e9s 1851 k\u00f6z\u00f6tt bejegyezt\u00e9k a\n                      betelep\u00fcl\u0151 zsid\u00f3k nev\u00e9t, sz\u00fclet\u00e9si \u00e9s sz\u00e1rmaz\u00e1si hely\u00e9t, feles\u00e9g\u00fck, gyermekeik nev\u00e9t, foglalkoz\u00e1sukat, lak\u00f3hely\u00fcket \u00e9s az \u00f6sszeget, amelyet a betelep\u00fcl\u00e9s\u00e9rt r\u00e1juk kir\u00f3ttak. A dokumentum 116 betelep\u00fcl\u0151 csal\u00e1df\u0151 nev\u00e9t \u0151rizte meg sz\u00e1munkra.[14]\n                      A betelep\u00fcl\u0151k foglalkoz\u00e1si megoszl\u00e1sa: rabbi, k\u00e1ntor, n\u00e9gy tan\u00edt\u00f3, k\u00e9t sakter \u00e9s egy b\u00e1ba, 38 keresked\u0151: k\u00f6z\u00f6tte 4 toll- \u00e9s b\u0151rkeresked\u0151, 1 gyapj\u00fa- liszt-, tajt\u00e9kpipa-, szivarkeresked\u0151, k\u00f6nyv-, \u00e9s pap\u00edr\u00e1r\u00fa keresked\u0151. Hat h\u00e1zal\u00f3 (handler),\n                      18 p\u00e1linkaf\u0151z\u0151, illetve leg\u00e9nye, 1 vend\u00e9gl\u0151s, 4 kocsm\u00e1ros, 1 \u201ead\u00f3ss\u00e1got inkassz\u00e1l\u201d, 4 rongyszed\u0151. 22 iparos: k\u00e9t sapkak\u00e9sz\u00edt\u0151, 1-1 ez\u00fcstm\u0171ves, m\u00e9sz\u00e1ros, \u00f3csk\u00e1s, ablakos, pinc\u00e9r, doh\u00e1nyv\u00e1g\u00f3, b\u00e1dogos, r\u00e9z\u00f6nt\u0151, t\u00edm\u00e1r, szivargy\u00e1ros,\n                      paplank\u00e9sz\u00edt\u0151, asztalos, ablakos, b\u00e1dogos, 6 szab\u00f3mester, 3 \u201eczipek\u00e9sz\u00edt\u0151\u201d. A zsid\u00f3 hit\u00e9let er\u0151s\u00f6d\u00e9s\u00e9vel kapcsolatos betelep\u00fcl\u0151k jelzik a k\u00f6z\u00f6ss\u00e9g szervez\u0151d\u00e9s\u00e9t. A b\u00e1b\u00e1nak alapvet\u0151 fontoss\u00e1ga volt, v\u00e9delem az elkeresztel\u00e9sek ellen.\n                      A tan\u00edt\u00f3k viszonylag nagy sz\u00e1ma jelzik \u00e9rt\u00e9krendj\u00fcket; a tanul\u00e1s alapvet\u0151 fontoss\u00e1g\u00e1t, a nagyobb gy\u00fclekezetek egyszerre t\u00f6bb vall\u00e1si tan\u00edt\u00f3t is eltartottak. A foglalkoz\u00e1si megoszl\u00e1s is mutatja a feud\u00e1lis foglalkoz\u00e1si korl\u00e1tok megl\u00e9t\u00e9t,\n                      a legnagyobb sz\u00e1mban keresked\u0151k, illetve a szeszf\u0151z\u00e9ssel, \u00e9s elad\u00e1ssal foglalkoz\u00f3k voltak k\u00f6z\u00f6tt\u00fck, ugyanakkor az iparosok szaporod\u00f3 sz\u00e1ma, m\u00e9g ha t\u00f6bbnyire ritka foglalkoz\u00e1st is \u0171ztek, m\u00e1r el\u0151remutat\u00f3 t\u00e9nyez\u0151.\n                      <br>&nbsp; &nbsp;Az id\u0151szak legtekint\u00e9lyesebb zsid\u00f3 csal\u00e1df\u0151i k\u00f6z\u00e9 tartozott az els\u0151 betelep\u00fcl\u0151k\u00e9nt m\u00e1r eml\u00edtett Schwarcz Istv\u00e1n, aki beteleped\u00e9se ut\u00e1n hamarosan b\u0151rfeldolgoz\u00f3 \u00fczemet alap\u00edtott, amely lesz\u00e1rmazottai birtok\u00e1ban a kilencvenes\n                      \u00e9vekig m\u0171k\u00f6d\u00f6tt. A b\u0151rgy\u00e1r 1842-ben k\u00e9sz\u00fclt el, a tulajdonos kiv\u00e1lts\u00e1glevelet csak 1847-ben k\u00e9rt \u00e9s kapott. 1844-t\u0151l 1845. augusztus\u00e1ig 57.250,19 v\u00e1lt\u00f3forint \u00e9rt\u00e9k\u0171 \u00e1rut k\u00e9sz\u00edtett, 1847-ig pedig 205.896 Ft \u00e9rt\u00e9kben dolgozott fel\n                      b\u0151rt. Ebben az \u00e9vben h\u00fasz alkalmazottja volt a c\u00e9gnek. Ez id\u0151ben Magyarorsz\u00e1gon az ismert b\u0151rgy\u00e1rak k\u00f6z\u00e9 tartozott. [15]<\/p>\n                  <\/div>\n                <\/div>\n                <div data-colibri-id=\"773-c21\" class=\"h-text h-text-component style-1300 style-local-773-c21 position-relative h-element\">\n                  <!---->\n                  <!---->\n                  <div class=\"\">\n                    <p>[1]&nbsp;HML.GYVL.V-101\/a. Gy\u00f6ngy\u00f6s V\u00e1ros Jegyz\u0151k\u00f6nyve. X. 277 l.\n                      <br>[2]&nbsp;HML.GYVL.V-101\/a. Gy\u00f6ngy\u00f6s V\u00e1ros Jegyz\u0151k\u00f6nyve. X. 438 l.\n                      <br>[3]&nbsp;HML.GYVL.V-101\/a. Gy\u00f6ngy\u00f6s V\u00e1ros Jegyz\u0151k\u00f6nyve. X. 287-288 l.\n                      <br>[4]&nbsp;Szecsk\u00f3 K\u00e1roly. 1998. 210 l.\n                      <br>[5]&nbsp;Vajda Antal id\u00e9zett m\u0171ve.\n                      <br>[6]&nbsp;Bach\u00f3 L\u00e1szl\u00f3.&nbsp;A gy\u00f6ngy\u00f6si alap\u00edtv\u00e1nyi k\u00f6zk\u00f3rh\u00e1z t\u00f6rt\u00e9nete c. m\u0171ve alapj\u00e1n.\n                      <br>[7]&nbsp;Bach\u00f3 L\u00e1szl\u00f3. 1939. 45-46 l.\n                      <br>[8]&nbsp;Tahy G\u00e1sp\u00e1r. 1837. 5, 14 l.\n                      <br>[9]&nbsp;Szederk\u00e9nyi N\u00e1ndor. 1896. 225 l.\n                      <br>[10]&nbsp;Gonda L\u00e1szl\u00f3. 1995. 68 l.\n                      <br>[11]&nbsp;Franszl \u00c1brah\u00e1m, Lori\u00e1n Jakab, Braun Mojse, Herman L\u00e1z\u00e1r. HML. IV-7\/b\/6 Reg. 1825. No. 889.\n                      <br>[12]&nbsp;Ehrenfeld Art\u00far. Az egri zsid\u00f3k t\u00f6rt\u00e9nete.&nbsp;9 l. A pontos forr\u00e1st sehol sem k\u00f6zli, csak a m\u0171 v\u00e9g\u00e9n az irodalomjegyz\u00e9ket.\n                      <br>[13]&nbsp;Az egri zsid\u00f3k t\u00f6rt\u00e9nete. 1976.&nbsp;9-10 l.\n                      <br>[14]&nbsp;Eger v\u00e1ros\u00e1ban megtelepedett izraelit\u00e1k \u00f6ssze\u00edr\u00e1si jegyz\u0151k\u00f6nyve 1841-ik \u00e9vr\u0151l. HML. V-4\/a\/244.\n                      <br>[15]&nbsp;Csiff\u00e1ry Gergely. 1996. 80-81 l.<\/p>\n                  <\/div>\n                <\/div>\n                <div data-colibri-id=\"773-c22\" class=\"d-block style-844 style-local-773-c22 position-relative h-element\">\n                  <!---->\n                  <div class=\"h-image__frame-container-outer\">\n                    <div class=\"h-image__frame-container\">\n                      <!---->\n                      <!---->\n                      <img loading=\"lazy\" decoding=\"async\" width=\"768\" height=\"356\" src=\"http:\/\/hevesmemorial.hu\/wp-content\/uploads\/2022\/02\/cropped-19.sz_.elspfele.png\" class=\"wp-image-884 style-844-image style-local-773-c22-image\" alt=\"\" srcset=\"https:\/\/hevesmemorial.hu\/wp-content\/uploads\/2022\/02\/cropped-19.sz_.elspfele.png 768w, https:\/\/hevesmemorial.hu\/wp-content\/uploads\/2022\/02\/cropped-19.sz_.elspfele-300x139.png 300w\" sizes=\"auto, (max-width: 768px) 100vw, 768px\" \/>\n                      <div class=\"h-image__frame h-hide-lg h-hide-md h-hide-sm style-844-frameImage style-local-773-c22-frameImage\"><\/div>\n                    <\/div>\n                  <\/div>\n                <\/div>\n                <div data-colibri-id=\"773-c23\" class=\"h-text h-text-component style-845 style-local-773-c23 justified position-relative h-element\">\n                  <!---->\n                  <!---->\n                  <div class=\"\">\n                    <p>Term\u00e9szetesen nem volt ez mai \u00e9rtelemben vett gy\u00e1r, mind\u00f6ssze 12 munk\u00e1st foglalkoztatott, a kezdetleges c\u00e9hes iparral rendelkez\u0151 v\u00e1rosban m\u00e9gis rendszeresen gy\u00e1rk\u00e9nt eml\u00edtett\u00e9k. 1859-ben g\u0151zmalmot alap\u00edtott, az els\u0151k k\u00f6z\u00f6tt a megy\u00e9ben.[1]\n                      A malom hal\u00e1l\u00e1ig kit\u0171n\u0151en prosper\u00e1lt, lesz\u00e1rmazottai ugyan k\u00e9nytelenek voltak eladni, de a k\u00e9s\u0151bbiekben is zsid\u00f3 tulajdonosai voltak. A leggazdagabb betelep\u00fcl\u0151k k\u00f6z\u00f6tt volt Br\u00f3dy Jakab, Br\u00f3dy S\u00e1ndor&nbsp;\u00e9desapja, aki j\u00f3m\u00f3d\u00fa gabonakeresked\u0151\n                      volt, eg\u00e9szen 1874-es t\u00f6nkremen\u00e9s\u00e9ig. Mindketten alap\u00edt\u00f3 tagjai voltak a m\u00e1r 1841-ben megalakul\u00f3 hitk\u00f6zs\u00e9gnek, rajtuk k\u00edv\u00fcl m\u00e9g Metzner \u00c1ron&nbsp;b\u0151rkeresked\u0151, Pressler S\u00e1muel&nbsp;szeszgy\u00e1ros, Bin\u00e9th S\u00e1muel&nbsp;gazd\u00e1lkod\u00f3. 1843-ban\n                      27 taggal alakult meg a Chevra Kadisa. Az 1850-es osztr\u00e1k \u00f6ssze\u00edr\u00e1s szerint Egerben m\u00e1r 605 zsid\u00f3 \u00e9lt.[2] M\u00edg 1693-ban m\u00e9g 633 g\u00f6r\u00f6g \u00e9lt Egerben, \u00e9s a v\u00e1ros kereskedelm\u00e9t a zsid\u00f3k beteleped\u00e9s\u00e9ig \u0151k tartott\u00e1k a kez\u00fckben, l\u00e9leksz\u00e1muk\n                      fokozatosan cs\u00f6kken, 1805-ben 323, 1830-ban 145, 1869-ben m\u00e1r csak 16 \u00e9lt a v\u00e1rosban. \u201eL\u00e1tszik teh\u00e1t, hogy nem a zsid\u00f3k szor\u00edtott\u00e1k ki a g\u00f6r\u00f6g\u00f6ket.&#8221;[3]\n                      <br>&nbsp; &nbsp;A p\u00e1szt\u00f3i hitk\u00f6zs\u00e9get \u00e9s a j\u00e1r\u00e1s zsid\u00f3s\u00e1g\u00e1t 1823-t\u00f3l rendelt\u00e9k a gy\u00f6ngy\u00f6si Stein F\u00fcl\u00f6p f\u0151rabbi al\u00e1, arra k\u00f6telezt\u00e9k \u0151ket, hogy \u00fcgyes-bajos dolgaikkal hozz\u00e1 forduljanak, s annak b\u00edr\u00f3s\u00e1ga al\u00e1 adj\u00e1k magukat. Az \u00e9rintetteknek\n                      ez egy\u00e1ltal\u00e1n nem tetszett, mivel k\u00f6lts\u00e9gesnek \u00e9s kev\u00e9ss\u00e9 praktikusnak tal\u00e1lt\u00e1k. A hitk\u00f6zs\u00e9g tagjai 1845-ben saj\u00e1t, Scheftel Perl nev\u0171 rabbija ellen fordultak, s a k\u00f6vetkez\u0151 esztend\u0151ben megfosztott\u00e1k tiszts\u00e9g\u00e9t\u0151l. 1847-t\u0151l hal\u00e1l\u00e1ig\n                      t\u00f6lt\u00f6tte be rabbi tiszts\u00e9get a nagyh\u00edr\u0171 B\u00fcchler D\u00e1vid, a neves rabbi dinasztia tagja. 93 \u00e9vesen, 1907 Jom Kipurj\u00e1n halt meg.[4]\n                      <br>&nbsp; &nbsp;Gy\u00f6ngy\u00f6s\u00f6n az 1845-iki kimutat\u00e1s szerint 156 ad\u00f3fizet\u0151 k\u00f6z\u00fcl 20 \u00e1rend\u00e1s, 17 keresked\u0151, 15 iparos, 6 p\u00e1linkaf\u0151z\u0151, 3 sz\u0151l\u0151tulajdonos \u00e9s 77 mag\u00e1nz\u00f3 volt, az ut\u00f3bbiak val\u00f3sz\u00edn\u0171leg nagyr\u00e9szt v\u00e1ndorkeresked\u0151k, h\u00e1zal\u00f3k lehettek.\n                      1840-ben kifog\u00e1solt\u00e1k a v\u00e1rosi tan\u00e1csban, hogy a hat\u00e1rban kiosztott f\u00f6ldekb\u0151l a zsid\u00f3k is r\u00e9szes\u00fcltek, ami kor\u00e1bban nem volt szok\u00e1sban. Azzal az indokl\u00e1ssal, hogy a kir\u00e1lyi adom\u00e1nyok nem a k\u00edv\u00fclr\u0151l bef\u00e9szkel\u0151d\u00f6tt zsid\u00f3kra, hanem\n                      csak a t\u00f6rzs\u00f6k\u00f6s gy\u00f6ngy\u00f6si polg\u00e1rokra vonatkoznak, a f\u00f6ldeket a tan\u00e1cs visszav\u00e9tette.[5]\n                      <br>&nbsp; &nbsp;Poroszl\u00f3n az izraelita vall\u00e1s\u00fa lakosok sz\u00e1m\u00e1nak alakul\u00e1sa mind\u00f6ssze sz\u00e1z esztendeig k\u00f6vethet\u0151 nyomon, hiszen felekezeti hovatartoz\u00e1st is felt\u00fcntet\u0151 \u00f6ssze\u00edr\u00e1sok csak a XIX. sz\u00e1zadt\u00f3l k\u00e9sz\u00fclnek. Az els\u0151 zsid\u00f3k a f\u00f6ldbirtokosok\n                      \u00e9s a katolikus lakoss\u00e1g enged\u00e9ly\u00e9vel, azok v\u00e9delm\u00e9t \u00e9lvezve telepedtek le itt a XIX. sz\u00e1zad elej\u00e9n, 1810-1815 k\u00f6zt Poroszl\u00f3n m\u00e1r \u00e9ltek zsid\u00f3 felekezet\u0171 emberek, hiszen ebben az id\u0151szakban \u201ePoroszl\u00f3r\u00f3l \u00e9s Dorm\u00e1ndr\u00f3l 8-10 szeg\u00e9nyebb\n                      csal\u00e1d k\u00f6lt\u00f6zik el F\u00fczesabonyba,\u201d ahol a toll- \u00e9s nyersb\u0151r felv\u00e1s\u00e1rl\u00e1s\u00e1t v\u00e9gzik kis \u00fczleteikben. Az 1828-as esztend\u0151ben 19 h\u00e9ber vall\u00e1s\u00fa lakost \u00edrtak \u00f6ssze, de az 1830 \u00e9s 1840 k\u00f6zt itt \u00e9l\u0151k t\u00f6bbnyire szeg\u00e9ny h\u00e1zal\u00f3k. F\u00e9nyes Elek\n                      1851-ben m\u00e9g mindig csak 6 zsid\u00f3 lakost t\u00fcntetett fel.[6]&nbsp;\n                      <br>&nbsp; &nbsp;A zsid\u00f3knak a t\u00fcrelmi ad\u00f3t eg\u00e9szen 1846-ig kellett fizetni\u00fck. A t\u00f6bbsz\u00f6ri emel\u00e9s \u00e9s a t\u00f6bbi ad\u00f3teher miatt az orsz\u00e1gban m\u00e1r \u00f6sszesen t\u00f6bb mint k\u00e9t \u00e9s f\u00e9l milli\u00f3ra r\u00fagott az ad\u00f3h\u00e1tral\u00e9k, ez\u00e9rt t\u00f6bb \u00e9ves t\u00f6rleszt\u00e9ssel\n                      nem eg\u00e9szen a fel\u00e9t kellett megv\u00e1lt\u00e1sk\u00e9ppen megfizetni\u00fck. Heves megy\u00e9re ebb\u0151l az irdatlan \u00f6sszegb\u0151l 14.216,46 Ft jutott.[7] V\u00e9g\u00fcl a t\u00fcrelmi ad\u00f3 megfizethetetlen h\u00e1tral\u00e9k\u00e1t Kossuth Lajos&nbsp;t\u00f6r\u00f6lte el egy tollvon\u00e1ssal, p\u00e9nz\u00fcgyminiszteri\n                      t\u00e9nyked\u00e9se egyik els\u0151 int\u00e9zked\u00e9sek\u00e9nt, 1848. \u00e1prilis 7-\u00e9n.[8] A t\u00fcrelmi ad\u00f3 \u00f6ssze\u00edr\u00e1sok r\u00e9szletes elemz\u00e9se nagyszer\u0171en megmutatja a reformkori megyei zsid\u00f3s\u00e1g t\u00e1rsadalmi \u00e9s anyagi helyzet\u00e9t, a megy\u00e9ben val\u00f3 elhelyezked\u00e9s\u00e9t, foglalkoz\u00e1si\n                      megoszl\u00e1s\u00e1t, hely\u00e9t a megye t\u00e1rsadalm\u00e1ban, ezt pr\u00f3b\u00e1ltam a k\u00f6vetkez\u0151 fejezetben r\u00e9szletesen bemutatni.<\/p>\n                  <\/div>\n                <\/div>\n                <div data-colibri-id=\"773-c24\" class=\"h-text h-text-component style-1301 style-local-773-c24 position-relative h-element\">\n                  <!---->\n                  <!---->\n                  <div class=\"\">\n                    <p>[1]&nbsp;A g\u0151zmalom alap\u00edt\u00e1s\u00e1nak id\u0151pontj\u00e1r\u00f3l elt\u00e9r\u0151 a lesz\u00e1rmazottak eml\u00e9kete, akik 1850-r\u0151l tudtak, illetve 1859. Kriston P\u00e1l Heves megyei ipart\u00f6rt\u00e9net\u00e9ben. 1992. 11 l.\n                      <br>[2]&nbsp;Kov\u00e1cs Alajos. 1933. 279 l.\n                      <br>[3]&nbsp;Kov\u00e1cs Alajos. 1933. 280 l. F\u00e9nyes Eleket id\u00e9zi:&nbsp;\u201eA zsid\u00f3kat megh\u00e1lni is alig engedik.&#8221;\n                      <br>[4]&nbsp;P\u00e1sztor Cec\u00edlia. 2000. 2 l.\n                      <br>[5]&nbsp;HML.GYVL.V-101\/a. Gy\u00f6ngy\u00f6s V\u00e1ros Jegyz\u0151k\u00f6nyve. XIV. 464 l.\n                      <br>[6]&nbsp;Szuromi Rita: Poroszl\u00f3 t\u00f6rt\u00e9nete. Poroszl\u00f3, 2014, \u00d6nkorm\u00e1nyzat.\n                      <br>[7]&nbsp;Bernstein B\u00e9la. 1898. 27 l.\n                      <br>[8]&nbsp;Schweitzer J\u00f3zsef f\u0151rabbi el\u0151ad\u00e1sa&nbsp;1848. \u00e9s a zsid\u00f3k&nbsp;c\u00edmen. 1998. m\u00e1rcius 15. a Debreceni Hitk\u00f6zs\u00e9g \u00fcnnep\u00e9ly\u00e9n. Magyar zsid\u00f3 lexikon. 1929. 983 p.<\/p>\n                  <\/div>\n                <\/div>\n              <\/div>\n            <\/div>\n          <\/div>\n        <\/div>\n      <\/div>\n    <\/div>\n  <\/div>\n<\/div>","protected":false},"excerpt":{"rendered":"<p>A 19. sz\u00e1zad els\u0151 fele &nbsp; &nbsp;A 19. sz\u00e1zad a magyarorsz\u00e1gi zsid\u00f3s\u00e1g sz\u00e1m\u00e1ra is alapvet\u0151 \u00e1talakul\u00e1st jelent\u0151 id\u0151szak. A sz\u00e1zad elej\u00e9n a k\u00e9s\u0151bbi t\u00e1rsadalmi beilleszked\u00e9s gazdas\u00e1gi alapjait a nap\u00f3leoni h\u00e1bor\u00fak konjunkt\u00far\u00e1ja vetette meg, amely a vid\u00e9ki f\u00f6ldbirtokosokkal val\u00f3 bizonyos sz\u00f6vets\u00e9gk\u00f6t\u00e9st is jelentett. Ezt a sz\u00f6vets\u00e9get tett\u00e9k szorosabb\u00e1 a reformkor t\u00f6rekv\u00e9sei, amikor a liber\u00e1lis nemess\u00e9g legjobbjai [&hellip;]<\/p>\n","protected":false},"author":1,"featured_media":0,"parent":0,"menu_order":0,"comment_status":"closed","ping_status":"closed","template":"page-templates\/full-width-page.php","meta":{"footnotes":""},"class_list":["post-773","page","type-page","status-publish","hentry"],"_links":{"self":[{"href":"https:\/\/hevesmemorial.hu\/index.php?rest_route=\/wp\/v2\/pages\/773","targetHints":{"allow":["GET"]}}],"collection":[{"href":"https:\/\/hevesmemorial.hu\/index.php?rest_route=\/wp\/v2\/pages"}],"about":[{"href":"https:\/\/hevesmemorial.hu\/index.php?rest_route=\/wp\/v2\/types\/page"}],"author":[{"embeddable":true,"href":"https:\/\/hevesmemorial.hu\/index.php?rest_route=\/wp\/v2\/users\/1"}],"replies":[{"embeddable":true,"href":"https:\/\/hevesmemorial.hu\/index.php?rest_route=%2Fwp%2Fv2%2Fcomments&post=773"}],"version-history":[{"count":9,"href":"https:\/\/hevesmemorial.hu\/index.php?rest_route=\/wp\/v2\/pages\/773\/revisions"}],"predecessor-version":[{"id":2429,"href":"https:\/\/hevesmemorial.hu\/index.php?rest_route=\/wp\/v2\/pages\/773\/revisions\/2429"}],"wp:attachment":[{"href":"https:\/\/hevesmemorial.hu\/index.php?rest_route=%2Fwp%2Fv2%2Fmedia&parent=773"}],"curies":[{"name":"wp","href":"https:\/\/api.w.org\/{rel}","templated":true}]}}